{"version":"1.0","provider_name":"Batijournal","provider_url":"https:\/\/batijournal.com","author_name":"St\u00e9phane Miget","author_url":"https:\/\/batijournal.com\/index.php\/author\/stephane\/","title":"100 \u0153uvres qui racontent le climat","type":"rich","width":600,"height":338,"html":"<blockquote class=\"wp-embedded-content\" data-secret=\"xoF7i1EUzq\"><a href=\"https:\/\/batijournal.com\/index.php\/100-oeuvres-qui-racontent-le-climat\/111690\/\">100 \u0153uvres qui racontent le climat<\/a><\/blockquote><iframe sandbox=\"allow-scripts\" security=\"restricted\" src=\"https:\/\/batijournal.com\/index.php\/100-oeuvres-qui-racontent-le-climat\/111690\/embed\/#?secret=xoF7i1EUzq\" width=\"600\" height=\"338\" title=\"\u00ab\u00a0100 \u0153uvres qui racontent le climat\u00a0\u00bb &#8212; Batijournal\" data-secret=\"xoF7i1EUzq\" frameborder=\"0\" marginwidth=\"0\" marginheight=\"0\" scrolling=\"no\" class=\"wp-embedded-content\"><\/iframe><script type=\"text\/javascript\">\n\/* <![CDATA[ *\/\n\/*! This file is auto-generated *\/\n!function(d,l){\"use strict\";l.querySelector&&d.addEventListener&&\"undefined\"!=typeof URL&&(d.wp=d.wp||{},d.wp.receiveEmbedMessage||(d.wp.receiveEmbedMessage=function(e){var t=e.data;if((t||t.secret||t.message||t.value)&&!\/[^a-zA-Z0-9]\/.test(t.secret)){for(var s,r,n,a=l.querySelectorAll('iframe[data-secret=\"'+t.secret+'\"]'),o=l.querySelectorAll('blockquote[data-secret=\"'+t.secret+'\"]'),c=new RegExp(\"^https?:$\",\"i\"),i=0;i<o.length;i++)o[i].style.display=\"none\";for(i=0;i<a.length;i++)s=a[i],e.source===s.contentWindow&&(s.removeAttribute(\"style\"),\"height\"===t.message?(1e3<(r=parseInt(t.value,10))?r=1e3:~~r<200&&(r=200),s.height=r):\"link\"===t.message&&(r=new URL(s.getAttribute(\"src\")),n=new URL(t.value),c.test(n.protocol))&&n.host===r.host&&l.activeElement===s&&(d.top.location.href=t.value))}},d.addEventListener(\"message\",d.wp.receiveEmbedMessage,!1),l.addEventListener(\"DOMContentLoaded\",function(){for(var e,t,s=l.querySelectorAll(\"iframe.wp-embedded-content\"),r=0;r<s.length;r++)(t=(e=s[r]).getAttribute(\"data-secret\"))||(t=Math.random().toString(36).substring(2,12),e.src+=\"#?secret=\"+t,e.setAttribute(\"data-secret\",t)),e.contentWindow.postMessage({message:\"ready\",secret:t},\"*\")},!1)))}(window,document);\n\/\/# sourceURL=https:\/\/batijournal.com\/wp-includes\/js\/wp-embed.min.js\n\/* ]]> *\/\n<\/script>\n","thumbnail_url":"https:\/\/batijournal.com\/wp-content\/uploads\/2025\/03\/sahara-orsay.webp","thumbnail_width":1200,"thumbnail_height":660,"description":"Dans la continuit\u00e9 des cent cinquante ans de l\u2019impressionnisme, le mus\u00e9e d\u2019Orsay a lanc\u00e9 un programme annuel de pr\u00eat d\u2019\u0153uvres. De mars \u00e0 juillet 2025, cent \u0153uvres de ses collections ont ainsi \u00e9t\u00e9 s\u00e9lectionn\u00e9es pour \u00eatre diffus\u00e9es \u00e0 travers toute la France. Ces \u0153uvres repr\u00e9sentent un t\u00e9moignage sur la m\u00e9tamorphose des paysages et portent \u00e0 [&hellip;]"}