{"version":"1.0","provider_name":"Batijournal","provider_url":"https:\/\/batijournal.com","author_name":"Bati-journal","author_url":"https:\/\/batijournal.com\/index.php\/author\/elodie\/","title":"12e colloque annuel du Syndicat des \u00e9nergies renouvelables","type":"rich","width":600,"height":338,"html":"<blockquote class=\"wp-embedded-content\" data-secret=\"KYqQBZerZy\"><a href=\"https:\/\/batijournal.com\/index.php\/12e-colloque-annuel-du-syndicat-des-energies-renouvelables\/79724\/\">12e colloque annuel du Syndicat des \u00e9nergies renouvelables<\/a><\/blockquote><iframe sandbox=\"allow-scripts\" security=\"restricted\" src=\"https:\/\/batijournal.com\/index.php\/12e-colloque-annuel-du-syndicat-des-energies-renouvelables\/79724\/embed\/#?secret=KYqQBZerZy\" width=\"600\" height=\"338\" title=\"\u00ab\u00a012e colloque annuel du Syndicat des \u00e9nergies renouvelables\u00a0\u00bb &#8212; Batijournal\" data-secret=\"KYqQBZerZy\" frameborder=\"0\" marginwidth=\"0\" marginheight=\"0\" scrolling=\"no\" class=\"wp-embedded-content\"><\/iframe><script type=\"text\/javascript\">\n\/* <![CDATA[ *\/\n\/*! This file is auto-generated *\/\n!function(d,l){\"use strict\";l.querySelector&&d.addEventListener&&\"undefined\"!=typeof URL&&(d.wp=d.wp||{},d.wp.receiveEmbedMessage||(d.wp.receiveEmbedMessage=function(e){var t=e.data;if((t||t.secret||t.message||t.value)&&!\/[^a-zA-Z0-9]\/.test(t.secret)){for(var s,r,n,a=l.querySelectorAll('iframe[data-secret=\"'+t.secret+'\"]'),o=l.querySelectorAll('blockquote[data-secret=\"'+t.secret+'\"]'),c=new RegExp(\"^https?:$\",\"i\"),i=0;i<o.length;i++)o[i].style.display=\"none\";for(i=0;i<a.length;i++)s=a[i],e.source===s.contentWindow&&(s.removeAttribute(\"style\"),\"height\"===t.message?(1e3<(r=parseInt(t.value,10))?r=1e3:~~r<200&&(r=200),s.height=r):\"link\"===t.message&&(r=new URL(s.getAttribute(\"src\")),n=new URL(t.value),c.test(n.protocol))&&n.host===r.host&&l.activeElement===s&&(d.top.location.href=t.value))}},d.addEventListener(\"message\",d.wp.receiveEmbedMessage,!1),l.addEventListener(\"DOMContentLoaded\",function(){for(var e,t,s=l.querySelectorAll(\"iframe.wp-embedded-content\"),r=0;r<s.length;r++)(t=(e=s[r]).getAttribute(\"data-secret\"))||(t=Math.random().toString(36).substring(2,12),e.src+=\"#?secret=\"+t,e.setAttribute(\"data-secret\",t)),e.contentWindow.postMessage({message:\"ready\",secret:t},\"*\")},!1)))}(window,document);\n\/\/# sourceURL=https:\/\/batijournal.com\/wp-includes\/js\/wp-embed.min.js\n\/* ]]> *\/\n<\/script>\n","description":"Le 1er f\u00e9vrier 2011, au Cnit (La D\u00e9fense), le Syndicat des \u00e9nergies renouvelables organise son 12e colloque plac\u00e9 sous le haut patronage de Nicolas Sarkozy, pr\u00e9sident de la R\u00e9publique, et intitul\u00e9 \u00ab\u00a0Energies renouvelables : fantasmes et r\u00e9alit\u00e9s\u00a0\u00bb. Cette manifestation abordera notamment des th\u00e9matiques comme les enjeux \u00e9nerg\u00e9tiques des \u00e9nergies renouvelables, leurs enjeux environnementaux, leur r\u00e9alit\u00e9 [&hellip;]"}