{"version":"1.0","provider_name":"Batijournal","provider_url":"https:\/\/batijournal.com","author_name":"St\u00e9phane Miget","author_url":"https:\/\/batijournal.com\/index.php\/author\/stephane\/","title":"1e Festival de la For\u00eat et du Bois en Indre et Loire","type":"rich","width":600,"height":338,"html":"<blockquote class=\"wp-embedded-content\" data-secret=\"3qHMZEVqiO\"><a href=\"https:\/\/batijournal.com\/index.php\/1e-festival-de-foret-bois-indre-loire\/93717\/\">1e Festival de la For\u00eat et du Bois en Indre et Loire<\/a><\/blockquote><iframe sandbox=\"allow-scripts\" security=\"restricted\" src=\"https:\/\/batijournal.com\/index.php\/1e-festival-de-foret-bois-indre-loire\/93717\/embed\/#?secret=3qHMZEVqiO\" width=\"600\" height=\"338\" title=\"\u00ab\u00a01e Festival de la For\u00eat et du Bois en Indre et Loire\u00a0\u00bb &#8212; Batijournal\" data-secret=\"3qHMZEVqiO\" frameborder=\"0\" marginwidth=\"0\" marginheight=\"0\" scrolling=\"no\" class=\"wp-embedded-content\"><\/iframe><script type=\"text\/javascript\">\n\/* <![CDATA[ *\/\n\/*! This file is auto-generated *\/\n!function(d,l){\"use strict\";l.querySelector&&d.addEventListener&&\"undefined\"!=typeof URL&&(d.wp=d.wp||{},d.wp.receiveEmbedMessage||(d.wp.receiveEmbedMessage=function(e){var t=e.data;if((t||t.secret||t.message||t.value)&&!\/[^a-zA-Z0-9]\/.test(t.secret)){for(var s,r,n,a=l.querySelectorAll('iframe[data-secret=\"'+t.secret+'\"]'),o=l.querySelectorAll('blockquote[data-secret=\"'+t.secret+'\"]'),c=new RegExp(\"^https?:$\",\"i\"),i=0;i<o.length;i++)o[i].style.display=\"none\";for(i=0;i<a.length;i++)s=a[i],e.source===s.contentWindow&&(s.removeAttribute(\"style\"),\"height\"===t.message?(1e3<(r=parseInt(t.value,10))?r=1e3:~~r<200&&(r=200),s.height=r):\"link\"===t.message&&(r=new URL(s.getAttribute(\"src\")),n=new URL(t.value),c.test(n.protocol))&&n.host===r.host&&l.activeElement===s&&(d.top.location.href=t.value))}},d.addEventListener(\"message\",d.wp.receiveEmbedMessage,!1),l.addEventListener(\"DOMContentLoaded\",function(){for(var e,t,s=l.querySelectorAll(\"iframe.wp-embedded-content\"),r=0;r<s.length;r++)(t=(e=s[r]).getAttribute(\"data-secret\"))||(t=Math.random().toString(36).substring(2,12),e.src+=\"#?secret=\"+t,e.setAttribute(\"data-secret\",t)),e.contentWindow.postMessage({message:\"ready\",secret:t},\"*\")},!1)))}(window,document);\n\/\/# sourceURL=https:\/\/batijournal.com\/wp-includes\/js\/wp-embed.min.js\n\/* ]]> *\/\n<\/script>\n","thumbnail_url":"https:\/\/batijournal.com\/wp-content\/uploads\/2016\/09\/Affiche-Festival-de-la-foret-et-du-bois.jpg","thumbnail_width":538,"thumbnail_height":800,"description":"Le Ch\u00e2teau de la Bourdaisi\u00e8re \u00e0 Montlouis sur Loire organise en partenariat avec l\u2019ONF, France Bois For\u00eat et avec le soutien d\u2019Arbocentre, la premi\u00e8re \u00e9dition du Festival de la For\u00eat et du Bois. Il se d\u00e9roulera les 29 et 30 octobre prochains de 10h \u00e0 18h. Cet \u00e9v\u00e8nement aura lieu au c\u0153ur du domaine de [&hellip;]"}