{"version":"1.0","provider_name":"Batijournal","provider_url":"https:\/\/batijournal.com","author_name":"St\u00e9phane Miget","author_url":"https:\/\/batijournal.com\/index.php\/author\/stephane\/","title":"26 et 27 mai : les patrimoines dans leur diversit\u00e9 \u00e0 Arles","type":"rich","width":600,"height":338,"html":"<blockquote class=\"wp-embedded-content\" data-secret=\"tNnxdC1Jos\"><a href=\"https:\/\/batijournal.com\/index.php\/26-27-mai-patrimoines-diversite-a-arles\/92840\/\">26 et 27 mai : les patrimoines dans leur diversit\u00e9 \u00e0 Arles<\/a><\/blockquote><iframe sandbox=\"allow-scripts\" security=\"restricted\" src=\"https:\/\/batijournal.com\/index.php\/26-27-mai-patrimoines-diversite-a-arles\/92840\/embed\/#?secret=tNnxdC1Jos\" width=\"600\" height=\"338\" title=\"\u00ab\u00a026 et 27 mai : les patrimoines dans leur diversit\u00e9 \u00e0 Arles\u00a0\u00bb &#8212; Batijournal\" data-secret=\"tNnxdC1Jos\" frameborder=\"0\" marginwidth=\"0\" marginheight=\"0\" scrolling=\"no\" class=\"wp-embedded-content\"><\/iframe><script type=\"text\/javascript\">\n\/* <![CDATA[ *\/\n\/*! This file is auto-generated *\/\n!function(d,l){\"use strict\";l.querySelector&&d.addEventListener&&\"undefined\"!=typeof URL&&(d.wp=d.wp||{},d.wp.receiveEmbedMessage||(d.wp.receiveEmbedMessage=function(e){var t=e.data;if((t||t.secret||t.message||t.value)&&!\/[^a-zA-Z0-9]\/.test(t.secret)){for(var s,r,n,a=l.querySelectorAll('iframe[data-secret=\"'+t.secret+'\"]'),o=l.querySelectorAll('blockquote[data-secret=\"'+t.secret+'\"]'),c=new RegExp(\"^https?:$\",\"i\"),i=0;i<o.length;i++)o[i].style.display=\"none\";for(i=0;i<a.length;i++)s=a[i],e.source===s.contentWindow&&(s.removeAttribute(\"style\"),\"height\"===t.message?(1e3<(r=parseInt(t.value,10))?r=1e3:~~r<200&&(r=200),s.height=r):\"link\"===t.message&&(r=new URL(s.getAttribute(\"src\")),n=new URL(t.value),c.test(n.protocol))&&n.host===r.host&&l.activeElement===s&&(d.top.location.href=t.value))}},d.addEventListener(\"message\",d.wp.receiveEmbedMessage,!1),l.addEventListener(\"DOMContentLoaded\",function(){for(var e,t,s=l.querySelectorAll(\"iframe.wp-embedded-content\"),r=0;r<s.length;r++)(t=(e=s[r]).getAttribute(\"data-secret\"))||(t=Math.random().toString(36).substring(2,12),e.src+=\"#?secret=\"+t,e.setAttribute(\"data-secret\",t)),e.contentWindow.postMessage({message:\"ready\",secret:t},\"*\")},!1)))}(window,document);\n\/\/# sourceURL=https:\/\/batijournal.com\/wp-includes\/js\/wp-embed.min.js\n\/* ]]> *\/\n<\/script>\n","thumbnail_url":"https:\/\/batijournal.com\/wp-content\/uploads\/2016\/05\/dossierdepresse.sippa_.v2.001.jpeg","thumbnail_width":496,"thumbnail_height":187,"description":"Le SIPPA &#8211; Salon International des Professionnels des Patrimoines \u00e0 Arles s&rsquo;adresse \u00e0 l&rsquo;ensemble des professionnels de TOUS les patrimoines : qu&rsquo;il soit b\u00e2ti ou mobilier, naturel, culturel ou immat\u00e9riel. Durant deux jours, des sujets techniques pr\u00e9cis, mais aussi des enjeux plus g\u00e9n\u00e9raux, en r\u00e9ponse aux probl\u00e9matiques actuelles des diff\u00e9rences m\u00e9tiers, seront abord\u00e9s. \u00ab Mati\u00e8re [&hellip;]"}