{"version":"1.0","provider_name":"Batijournal","provider_url":"https:\/\/batijournal.com","author_name":"Bati-journal","author_url":"https:\/\/batijournal.com\/index.php\/author\/elodie\/","title":"50 ans d\u0092architecture m\u00e9tallique en Europe","type":"rich","width":600,"height":338,"html":"<blockquote class=\"wp-embedded-content\" data-secret=\"LalWLevrvR\"><a href=\"https:\/\/batijournal.com\/index.php\/50-ans-d%c2%92architecture-metallique-en-europe\/79714\/\">50 ans d\u0092architecture m\u00e9tallique en Europe<\/a><\/blockquote><iframe sandbox=\"allow-scripts\" security=\"restricted\" src=\"https:\/\/batijournal.com\/index.php\/50-ans-d%c2%92architecture-metallique-en-europe\/79714\/embed\/#?secret=LalWLevrvR\" width=\"600\" height=\"338\" title=\"\u00ab\u00a050 ans d\u0092architecture m\u00e9tallique en Europe\u00a0\u00bb &#8212; Batijournal\" data-secret=\"LalWLevrvR\" frameborder=\"0\" marginwidth=\"0\" marginheight=\"0\" scrolling=\"no\" class=\"wp-embedded-content\"><\/iframe><script type=\"text\/javascript\">\n\/* <![CDATA[ *\/\n\/*! This file is auto-generated *\/\n!function(d,l){\"use strict\";l.querySelector&&d.addEventListener&&\"undefined\"!=typeof URL&&(d.wp=d.wp||{},d.wp.receiveEmbedMessage||(d.wp.receiveEmbedMessage=function(e){var t=e.data;if((t||t.secret||t.message||t.value)&&!\/[^a-zA-Z0-9]\/.test(t.secret)){for(var s,r,n,a=l.querySelectorAll('iframe[data-secret=\"'+t.secret+'\"]'),o=l.querySelectorAll('blockquote[data-secret=\"'+t.secret+'\"]'),c=new RegExp(\"^https?:$\",\"i\"),i=0;i<o.length;i++)o[i].style.display=\"none\";for(i=0;i<a.length;i++)s=a[i],e.source===s.contentWindow&&(s.removeAttribute(\"style\"),\"height\"===t.message?(1e3<(r=parseInt(t.value,10))?r=1e3:~~r<200&&(r=200),s.height=r):\"link\"===t.message&&(r=new URL(s.getAttribute(\"src\")),n=new URL(t.value),c.test(n.protocol))&&n.host===r.host&&l.activeElement===s&&(d.top.location.href=t.value))}},d.addEventListener(\"message\",d.wp.receiveEmbedMessage,!1),l.addEventListener(\"DOMContentLoaded\",function(){for(var e,t,s=l.querySelectorAll(\"iframe.wp-embedded-content\"),r=0;r<s.length;r++)(t=(e=s[r]).getAttribute(\"data-secret\"))||(t=Math.random().toString(36).substring(2,12),e.src+=\"#?secret=\"+t,e.setAttribute(\"data-secret\",t)),e.contentWindow.postMessage({message:\"ready\",secret:t},\"*\")},!1)))}(window,document);\n\/\/# sourceURL=https:\/\/batijournal.com\/wp-includes\/js\/wp-embed.min.js\n\/* ]]> *\/\n<\/script>\n","description":"L\u0092exposition \u00ab 50 ans d\u0092architecture m\u00e9tallique en Europe \u00bb a \u00e9t\u00e9 con\u00e7ue pour accompagner la comm\u00e9moration du 50e anniversaire de la Convention europ\u00e9enne de la construction m\u00e9tallique, institution fond\u00e9e en 1955 qui r\u00e9unit les organisations professionnelles de 25 nations d\u0092Europe. Destin\u00e9e aussi bien au grand public qu\u0092aux professionnels, cette exposition pr\u00e9sente une s\u00e9lection de b\u00e2timents [&hellip;]"}