{"version":"1.0","provider_name":"Batijournal","provider_url":"https:\/\/batijournal.com","author_name":"Bati-journal","author_url":"https:\/\/batijournal.com\/index.php\/author\/elodie\/","title":"Ald\u00e8s propose des formations adapt\u00e9es au march\u00e9","type":"rich","width":600,"height":338,"html":"<blockquote class=\"wp-embedded-content\" data-secret=\"DlXVMUBJfk\"><a href=\"https:\/\/batijournal.com\/index.php\/aldes-propose-des-formations-adaptees-au-marche\/71100\/\">Ald\u00e8s propose des formations adapt\u00e9es au march\u00e9<\/a><\/blockquote><iframe sandbox=\"allow-scripts\" security=\"restricted\" src=\"https:\/\/batijournal.com\/index.php\/aldes-propose-des-formations-adaptees-au-marche\/71100\/embed\/#?secret=DlXVMUBJfk\" width=\"600\" height=\"338\" title=\"\u00ab\u00a0Ald\u00e8s propose des formations adapt\u00e9es au march\u00e9\u00a0\u00bb &#8212; Batijournal\" data-secret=\"DlXVMUBJfk\" frameborder=\"0\" marginwidth=\"0\" marginheight=\"0\" scrolling=\"no\" class=\"wp-embedded-content\"><\/iframe><script type=\"text\/javascript\">\n\/* <![CDATA[ *\/\n\/*! This file is auto-generated *\/\n!function(d,l){\"use strict\";l.querySelector&&d.addEventListener&&\"undefined\"!=typeof URL&&(d.wp=d.wp||{},d.wp.receiveEmbedMessage||(d.wp.receiveEmbedMessage=function(e){var t=e.data;if((t||t.secret||t.message||t.value)&&!\/[^a-zA-Z0-9]\/.test(t.secret)){for(var s,r,n,a=l.querySelectorAll('iframe[data-secret=\"'+t.secret+'\"]'),o=l.querySelectorAll('blockquote[data-secret=\"'+t.secret+'\"]'),c=new RegExp(\"^https?:$\",\"i\"),i=0;i<o.length;i++)o[i].style.display=\"none\";for(i=0;i<a.length;i++)s=a[i],e.source===s.contentWindow&&(s.removeAttribute(\"style\"),\"height\"===t.message?(1e3<(r=parseInt(t.value,10))?r=1e3:~~r<200&&(r=200),s.height=r):\"link\"===t.message&&(r=new URL(s.getAttribute(\"src\")),n=new URL(t.value),c.test(n.protocol))&&n.host===r.host&&l.activeElement===s&&(d.top.location.href=t.value))}},d.addEventListener(\"message\",d.wp.receiveEmbedMessage,!1),l.addEventListener(\"DOMContentLoaded\",function(){for(var e,t,s=l.querySelectorAll(\"iframe.wp-embedded-content\"),r=0;r<s.length;r++)(t=(e=s[r]).getAttribute(\"data-secret\"))||(t=Math.random().toString(36).substring(2,12),e.src+=\"#?secret=\"+t,e.setAttribute(\"data-secret\",t)),e.contentWindow.postMessage({message:\"ready\",secret:t},\"*\")},!1)))}(window,document);\n\/\/# sourceURL=https:\/\/batijournal.com\/wp-includes\/js\/wp-embed.min.js\n\/* ]]> *\/\n<\/script>\n","thumbnail_url":"https:\/\/batijournal.com\/wp-content\/uploads\/2015\/03\/22760545.jpg","thumbnail_width":600,"thumbnail_height":450,"description":"Face aux nouvelles exigences suscit\u00e9es par l&rsquo;\u00e9volution de la r\u00e9glementation thermique, Aldes propose \u00e0 l&rsquo;ensemble des acteurs professionnels concern\u00e9s de les accompagner afin qu&rsquo;ils abordent leur m\u00e9tier en toute s\u00e9r\u00e9nit\u00e9. Avec des solutions performantes r\u00e9pondant aux besoins de qualit\u00e9 d\u2019air, de confort thermique et de ma\u00eetrise \u00e9nerg\u00e9tique des b\u00e2timents, Aldes met \u00e0 leur disposition un [&hellip;]"}