{"version":"1.0","provider_name":"Batijournal","provider_url":"https:\/\/batijournal.com","author_name":"Bati-journal","author_url":"https:\/\/batijournal.com\/index.php\/author\/elodie\/","title":"Atrium Construction vous invite au 22\u00e8me Salon du Patrimoine du Culturel","type":"rich","width":600,"height":338,"html":"<blockquote class=\"wp-embedded-content\" data-secret=\"KlCLCfJD8c\"><a href=\"https:\/\/batijournal.com\/index.php\/atrium-construction-invite-22eme-salon-patrimoine-culturel\/93596\/\">Atrium Construction vous invite au 22\u00e8me Salon du Patrimoine du Culturel<\/a><\/blockquote><iframe sandbox=\"allow-scripts\" security=\"restricted\" src=\"https:\/\/batijournal.com\/index.php\/atrium-construction-invite-22eme-salon-patrimoine-culturel\/93596\/embed\/#?secret=KlCLCfJD8c\" width=\"600\" height=\"338\" title=\"\u00ab\u00a0Atrium Construction vous invite au 22\u00e8me Salon du Patrimoine du Culturel\u00a0\u00bb &#8212; Batijournal\" data-secret=\"KlCLCfJD8c\" frameborder=\"0\" marginwidth=\"0\" marginheight=\"0\" scrolling=\"no\" class=\"wp-embedded-content\"><\/iframe><script type=\"text\/javascript\">\n\/* <![CDATA[ *\/\n\/*! This file is auto-generated *\/\n!function(d,l){\"use strict\";l.querySelector&&d.addEventListener&&\"undefined\"!=typeof URL&&(d.wp=d.wp||{},d.wp.receiveEmbedMessage||(d.wp.receiveEmbedMessage=function(e){var t=e.data;if((t||t.secret||t.message||t.value)&&!\/[^a-zA-Z0-9]\/.test(t.secret)){for(var s,r,n,a=l.querySelectorAll('iframe[data-secret=\"'+t.secret+'\"]'),o=l.querySelectorAll('blockquote[data-secret=\"'+t.secret+'\"]'),c=new RegExp(\"^https?:$\",\"i\"),i=0;i<o.length;i++)o[i].style.display=\"none\";for(i=0;i<a.length;i++)s=a[i],e.source===s.contentWindow&&(s.removeAttribute(\"style\"),\"height\"===t.message?(1e3<(r=parseInt(t.value,10))?r=1e3:~~r<200&&(r=200),s.height=r):\"link\"===t.message&&(r=new URL(s.getAttribute(\"src\")),n=new URL(t.value),c.test(n.protocol))&&n.host===r.host&&l.activeElement===s&&(d.top.location.href=t.value))}},d.addEventListener(\"message\",d.wp.receiveEmbedMessage,!1),l.addEventListener(\"DOMContentLoaded\",function(){for(var e,t,s=l.querySelectorAll(\"iframe.wp-embedded-content\"),r=0;r<s.length;r++)(t=(e=s[r]).getAttribute(\"data-secret\"))||(t=Math.random().toString(36).substring(2,12),e.src+=\"#?secret=\"+t,e.setAttribute(\"data-secret\",t)),e.contentWindow.postMessage({message:\"ready\",secret:t},\"*\")},!1)))}(window,document);\n\/\/# sourceURL=https:\/\/batijournal.com\/wp-includes\/js\/wp-embed.min.js\n\/* ]]> *\/\n<\/script>\n","thumbnail_url":"https:\/\/batijournal.com\/wp-content\/uploads\/2016\/08\/SIPC16_paysage-resize.jpg","thumbnail_width":842,"thumbnail_height":595,"description":"La 22\u00e8me \u00e9dition du Salon International du Patrimoine Culturel, l\u2019\u00e9v\u00e9nement de r\u00e9f\u00e9rence du secteur, se tient du 3 au 6 novembre 2016 au Carrousel du Louvre. 340 exposants fran\u00e7ais et \u00e9trangers sont pr\u00e9sents, professionnels de la restauration et de la sauvegarde du patrimoine, mat\u00e9riel ou immat\u00e9riel repr\u00e9sentant 40 m\u00e9tiers. Dynamis\u00e9e par une session 2015 record, [&hellip;]"}