{"version":"1.0","provider_name":"Batijournal","provider_url":"https:\/\/batijournal.com","author_name":"St\u00e9phane Miget","author_url":"https:\/\/batijournal.com\/index.php\/author\/stephane\/","title":"Vous avez jusqu\u2019au 28 f\u00e9vrier 2018 pour votre projet pour la plan\u00e8te","type":"rich","width":600,"height":338,"html":"<blockquote class=\"wp-embedded-content\" data-secret=\"l0Rcj3wKgv\"><a href=\"https:\/\/batijournal.com\/index.php\/avez-jusquau-28-fevrier-2018-projet-planete\/98095\/\">Vous avez jusqu\u2019au 28 f\u00e9vrier 2018 pour votre projet pour la plan\u00e8te<\/a><\/blockquote><iframe sandbox=\"allow-scripts\" security=\"restricted\" src=\"https:\/\/batijournal.com\/index.php\/avez-jusquau-28-fevrier-2018-projet-planete\/98095\/embed\/#?secret=l0Rcj3wKgv\" width=\"600\" height=\"338\" title=\"\u00ab\u00a0Vous avez jusqu\u2019au 28 f\u00e9vrier 2018 pour votre projet pour la plan\u00e8te\u00a0\u00bb &#8212; Batijournal\" data-secret=\"l0Rcj3wKgv\" frameborder=\"0\" marginwidth=\"0\" marginheight=\"0\" scrolling=\"no\" class=\"wp-embedded-content\"><\/iframe><script type=\"text\/javascript\">\n\/* <![CDATA[ *\/\n\/*! This file is auto-generated *\/\n!function(d,l){\"use strict\";l.querySelector&&d.addEventListener&&\"undefined\"!=typeof URL&&(d.wp=d.wp||{},d.wp.receiveEmbedMessage||(d.wp.receiveEmbedMessage=function(e){var t=e.data;if((t||t.secret||t.message||t.value)&&!\/[^a-zA-Z0-9]\/.test(t.secret)){for(var s,r,n,a=l.querySelectorAll('iframe[data-secret=\"'+t.secret+'\"]'),o=l.querySelectorAll('blockquote[data-secret=\"'+t.secret+'\"]'),c=new RegExp(\"^https?:$\",\"i\"),i=0;i<o.length;i++)o[i].style.display=\"none\";for(i=0;i<a.length;i++)s=a[i],e.source===s.contentWindow&&(s.removeAttribute(\"style\"),\"height\"===t.message?(1e3<(r=parseInt(t.value,10))?r=1e3:~~r<200&&(r=200),s.height=r):\"link\"===t.message&&(r=new URL(s.getAttribute(\"src\")),n=new URL(t.value),c.test(n.protocol))&&n.host===r.host&&l.activeElement===s&&(d.top.location.href=t.value))}},d.addEventListener(\"message\",d.wp.receiveEmbedMessage,!1),l.addEventListener(\"DOMContentLoaded\",function(){for(var e,t,s=l.querySelectorAll(\"iframe.wp-embedded-content\"),r=0;r<s.length;r++)(t=(e=s[r]).getAttribute(\"data-secret\"))||(t=Math.random().toString(36).substring(2,12),e.src+=\"#?secret=\"+t,e.setAttribute(\"data-secret\",t)),e.contentWindow.postMessage({message:\"ready\",secret:t},\"*\")},!1)))}(window,document);\n\/\/# sourceURL=https:\/\/batijournal.com\/wp-includes\/js\/wp-embed.min.js\n\/* ]]> *\/\n<\/script>\n","thumbnail_url":"https:\/\/batijournal.com\/wp-content\/uploads\/2017\/07\/Logo-plan-climat.png","thumbnail_width":810,"thumbnail_height":540,"description":"Depuis le 16 novembre 2017 et jusqu\u2019au 28 f\u00e9vrier 2018, chaque citoyen peut se mobiliser \u00e0 son \u00e9chelle et avec ses moyens pour lutter contre le d\u00e9r\u00e8glement climatique. Avec \u00ab Mon projet pour la plan\u00e8te \u00bb, associations locales, toutes petites entreprises (TPE), PME et PMI, coop\u00e9ratives, mutuelles, startups, mais aussi \u00e9coles, \u00e9tudiants, collectifs de citoyens [&hellip;]"}