{"version":"1.0","provider_name":"Batijournal","provider_url":"https:\/\/batijournal.com","author_name":"Bati-journal","author_url":"https:\/\/batijournal.com\/index.php\/author\/elodie\/","title":"Bati-Journal TV vous donne rendez-vous \u00e0 Eurobois du 04 au 07 f\u00e9vrier 2020 !","type":"rich","width":600,"height":338,"html":"<blockquote class=\"wp-embedded-content\" data-secret=\"TFKXMbT6U0\"><a href=\"https:\/\/batijournal.com\/index.php\/batijournal-tv-eurobois\/103645\/\">Bati-Journal TV vous donne rendez-vous \u00e0 Eurobois du 04 au 07 f\u00e9vrier 2020 !<\/a><\/blockquote><iframe sandbox=\"allow-scripts\" security=\"restricted\" src=\"https:\/\/batijournal.com\/index.php\/batijournal-tv-eurobois\/103645\/embed\/#?secret=TFKXMbT6U0\" width=\"600\" height=\"338\" title=\"\u00ab\u00a0Bati-Journal TV vous donne rendez-vous \u00e0 Eurobois du 04 au 07 f\u00e9vrier 2020 !\u00a0\u00bb &#8212; Batijournal\" data-secret=\"TFKXMbT6U0\" frameborder=\"0\" marginwidth=\"0\" marginheight=\"0\" scrolling=\"no\" class=\"wp-embedded-content\"><\/iframe><script type=\"text\/javascript\">\n\/* <![CDATA[ *\/\n\/*! This file is auto-generated *\/\n!function(d,l){\"use strict\";l.querySelector&&d.addEventListener&&\"undefined\"!=typeof URL&&(d.wp=d.wp||{},d.wp.receiveEmbedMessage||(d.wp.receiveEmbedMessage=function(e){var t=e.data;if((t||t.secret||t.message||t.value)&&!\/[^a-zA-Z0-9]\/.test(t.secret)){for(var s,r,n,a=l.querySelectorAll('iframe[data-secret=\"'+t.secret+'\"]'),o=l.querySelectorAll('blockquote[data-secret=\"'+t.secret+'\"]'),c=new RegExp(\"^https?:$\",\"i\"),i=0;i<o.length;i++)o[i].style.display=\"none\";for(i=0;i<a.length;i++)s=a[i],e.source===s.contentWindow&&(s.removeAttribute(\"style\"),\"height\"===t.message?(1e3<(r=parseInt(t.value,10))?r=1e3:~~r<200&&(r=200),s.height=r):\"link\"===t.message&&(r=new URL(s.getAttribute(\"src\")),n=new URL(t.value),c.test(n.protocol))&&n.host===r.host&&l.activeElement===s&&(d.top.location.href=t.value))}},d.addEventListener(\"message\",d.wp.receiveEmbedMessage,!1),l.addEventListener(\"DOMContentLoaded\",function(){for(var e,t,s=l.querySelectorAll(\"iframe.wp-embedded-content\"),r=0;r<s.length;r++)(t=(e=s[r]).getAttribute(\"data-secret\"))||(t=Math.random().toString(36).substring(2,12),e.src+=\"#?secret=\"+t,e.setAttribute(\"data-secret\",t)),e.contentWindow.postMessage({message:\"ready\",secret:t},\"*\")},!1)))}(window,document);\n\/\/# sourceURL=https:\/\/batijournal.com\/wp-includes\/js\/wp-embed.min.js\n\/* ]]> *\/\n<\/script>\n","thumbnail_url":"https:\/\/batijournal.com\/wp-content\/uploads\/2020\/01\/slide-eurobois-2020-.jpg","thumbnail_width":1200,"thumbnail_height":629,"description":"\u00c0 l\u2019occasion du salon Eurobois \u00e0 Lyon, \u00c9ditions des Halles, r\u00e9alise en partenariat avec les organisateurs de l\u2019\u00e9v\u00e9nement et avec le soutien de l\u2019Interprofession nationale France Bois For\u00eat une nouvelle \u00e9dition du plateau Bati-Journal.TV. Ce plateau TV, anim\u00e9 par le journaliste St\u00e9phane Miget (r\u00e9dacteur en chef de\u00a0Plan\u00e8te B\u00e2timent\u00a0et\u00a05fa\u00e7ades), sera situ\u00e9 au coeur du salon Eurobois. [&hellip;]"}