{"version":"1.0","provider_name":"Batijournal","provider_url":"https:\/\/batijournal.com","author_name":"St\u00e9phane Miget","author_url":"https:\/\/batijournal.com\/index.php\/author\/stephane\/","title":"Brise-soleil verticaux pour une \u00e9cole \u00e9l\u00e9mentaire","type":"rich","width":600,"height":338,"html":"<blockquote class=\"wp-embedded-content\" data-secret=\"LilJSblbNY\"><a href=\"https:\/\/batijournal.com\/index.php\/brise-soleil-verticaux-pour-une-ecole-elementaire\/105547\/\">Brise-soleil verticaux pour une \u00e9cole \u00e9l\u00e9mentaire<\/a><\/blockquote><iframe sandbox=\"allow-scripts\" security=\"restricted\" src=\"https:\/\/batijournal.com\/index.php\/brise-soleil-verticaux-pour-une-ecole-elementaire\/105547\/embed\/#?secret=LilJSblbNY\" width=\"600\" height=\"338\" title=\"\u00ab\u00a0Brise-soleil verticaux pour une \u00e9cole \u00e9l\u00e9mentaire\u00a0\u00bb &#8212; Batijournal\" data-secret=\"LilJSblbNY\" frameborder=\"0\" marginwidth=\"0\" marginheight=\"0\" scrolling=\"no\" class=\"wp-embedded-content\"><\/iframe><script type=\"text\/javascript\">\n\/* <![CDATA[ *\/\n\/*! This file is auto-generated *\/\n!function(d,l){\"use strict\";l.querySelector&&d.addEventListener&&\"undefined\"!=typeof URL&&(d.wp=d.wp||{},d.wp.receiveEmbedMessage||(d.wp.receiveEmbedMessage=function(e){var t=e.data;if((t||t.secret||t.message||t.value)&&!\/[^a-zA-Z0-9]\/.test(t.secret)){for(var s,r,n,a=l.querySelectorAll('iframe[data-secret=\"'+t.secret+'\"]'),o=l.querySelectorAll('blockquote[data-secret=\"'+t.secret+'\"]'),c=new RegExp(\"^https?:$\",\"i\"),i=0;i<o.length;i++)o[i].style.display=\"none\";for(i=0;i<a.length;i++)s=a[i],e.source===s.contentWindow&&(s.removeAttribute(\"style\"),\"height\"===t.message?(1e3<(r=parseInt(t.value,10))?r=1e3:~~r<200&&(r=200),s.height=r):\"link\"===t.message&&(r=new URL(s.getAttribute(\"src\")),n=new URL(t.value),c.test(n.protocol))&&n.host===r.host&&l.activeElement===s&&(d.top.location.href=t.value))}},d.addEventListener(\"message\",d.wp.receiveEmbedMessage,!1),l.addEventListener(\"DOMContentLoaded\",function(){for(var e,t,s=l.querySelectorAll(\"iframe.wp-embedded-content\"),r=0;r<s.length;r++)(t=(e=s[r]).getAttribute(\"data-secret\"))||(t=Math.random().toString(36).substring(2,12),e.src+=\"#?secret=\"+t,e.setAttribute(\"data-secret\",t)),e.contentWindow.postMessage({message:\"ready\",secret:t},\"*\")},!1)))}(window,document);\n\/\/# sourceURL=https:\/\/batijournal.com\/wp-includes\/js\/wp-embed.min.js\n\/* ]]> *\/\n<\/script>\n","thumbnail_url":"https:\/\/batijournal.com\/wp-content\/uploads\/2021\/02\/tellier_ecole-primaire-kleber_faches-thumesnil-4.jpg","thumbnail_width":2000,"thumbnail_height":1125,"description":"Implant\u00e9 sur la ville de F\u00e2ches-Thumesnil (59), le programme de r\u00e9habilitation de l\u2019\u00e9cole \u00e9l\u00e9mentaire Kl\u00e9ber, r\u00e9nov\u00e9e entre 2018 et 2020, a consist\u00e9 \u00e0 renforcer l\u2019isolation thermique du b\u00e2timent, \u00e0 r\u00e9am\u00e9nager ses abords et sa cour de r\u00e9cr\u00e9ation. S\u2019agissant de la fa\u00e7ade de l\u2019\u00e9cole, l\u2019atelier d\u2019architecture Charles RENARD (59), en charge du projet, a pris le [&hellip;]"}