{"version":"1.0","provider_name":"Batijournal","provider_url":"https:\/\/batijournal.com","author_name":"St\u00e9phane Miget","author_url":"https:\/\/batijournal.com\/index.php\/author\/stephane\/","title":"Un CFA BTP en bois inaugur\u00e9 \u00e0 Blois","type":"rich","width":600,"height":338,"html":"<blockquote class=\"wp-embedded-content\" data-secret=\"4TXd3NN3oQ\"><a href=\"https:\/\/batijournal.com\/index.php\/cfa-btp-bois-inaugure-a-blois\/94801\/\">Un CFA BTP en bois inaugur\u00e9 \u00e0 Blois<\/a><\/blockquote><iframe sandbox=\"allow-scripts\" security=\"restricted\" src=\"https:\/\/batijournal.com\/index.php\/cfa-btp-bois-inaugure-a-blois\/94801\/embed\/#?secret=4TXd3NN3oQ\" width=\"600\" height=\"338\" title=\"\u00ab\u00a0Un CFA BTP en bois inaugur\u00e9 \u00e0 Blois\u00a0\u00bb &#8212; Batijournal\" data-secret=\"4TXd3NN3oQ\" frameborder=\"0\" marginwidth=\"0\" marginheight=\"0\" scrolling=\"no\" class=\"wp-embedded-content\"><\/iframe><script type=\"text\/javascript\">\n\/* <![CDATA[ *\/\n\/*! This file is auto-generated *\/\n!function(d,l){\"use strict\";l.querySelector&&d.addEventListener&&\"undefined\"!=typeof URL&&(d.wp=d.wp||{},d.wp.receiveEmbedMessage||(d.wp.receiveEmbedMessage=function(e){var t=e.data;if((t||t.secret||t.message||t.value)&&!\/[^a-zA-Z0-9]\/.test(t.secret)){for(var s,r,n,a=l.querySelectorAll('iframe[data-secret=\"'+t.secret+'\"]'),o=l.querySelectorAll('blockquote[data-secret=\"'+t.secret+'\"]'),c=new RegExp(\"^https?:$\",\"i\"),i=0;i<o.length;i++)o[i].style.display=\"none\";for(i=0;i<a.length;i++)s=a[i],e.source===s.contentWindow&&(s.removeAttribute(\"style\"),\"height\"===t.message?(1e3<(r=parseInt(t.value,10))?r=1e3:~~r<200&&(r=200),s.height=r):\"link\"===t.message&&(r=new URL(s.getAttribute(\"src\")),n=new URL(t.value),c.test(n.protocol))&&n.host===r.host&&l.activeElement===s&&(d.top.location.href=t.value))}},d.addEventListener(\"message\",d.wp.receiveEmbedMessage,!1),l.addEventListener(\"DOMContentLoaded\",function(){for(var e,t,s=l.querySelectorAll(\"iframe.wp-embedded-content\"),r=0;r<s.length;r++)(t=(e=s[r]).getAttribute(\"data-secret\"))||(t=Math.random().toString(36).substring(2,12),e.src+=\"#?secret=\"+t,e.setAttribute(\"data-secret\",t)),e.contentWindow.postMessage({message:\"ready\",secret:t},\"*\")},!1)))}(window,document);\n\/\/# sourceURL=https:\/\/batijournal.com\/wp-includes\/js\/wp-embed.min.js\n\/* ]]> *\/\n<\/script>\n","thumbnail_url":"https:\/\/batijournal.com\/wp-content\/uploads\/2017\/01\/cca.jpg","thumbnail_width":5040,"thumbnail_height":3360,"description":"Bernard Cazeneuve, premier ministre, entour\u00e9 de Myriam El Khomri, ministre du Travail, de l\u2019Emploi, de la Formation professionnelle et du Dialogue social, Clotilde Valter, secr\u00e9taire d\u2019\u00c9tat charg\u00e9e de la Formation professionnelle\u00a0et de l\u2019Apprentissage, Fran\u00e7ois Bonneau, pr\u00e9sident du conseil r\u00e9gional\u00a0Centre-Val de Loire, Maurice Leroy, pr\u00e9sident du conseil d\u00e9partemental du Loir-et-Cher, Marc Gricourt, maire de Blois, Jean-Christophe [&hellip;]"}