{"version":"1.0","provider_name":"Batijournal","provider_url":"https:\/\/batijournal.com","author_name":"Bati-journal","author_url":"https:\/\/batijournal.com\/index.php\/author\/elodie\/","title":"Conf\u00e9rence europ\u00e9enne de l'\u00e9nergie solaire thermique (ESTEC)","type":"rich","width":600,"height":338,"html":"<blockquote class=\"wp-embedded-content\" data-secret=\"9MsXf2pahV\"><a href=\"https:\/\/batijournal.com\/index.php\/conference-europeenne-de-lenergie-solaire-thermique-estec\/79670\/\">Conf\u00e9rence europ\u00e9enne de l&rsquo;\u00e9nergie solaire thermique (ESTEC)<\/a><\/blockquote><iframe sandbox=\"allow-scripts\" security=\"restricted\" src=\"https:\/\/batijournal.com\/index.php\/conference-europeenne-de-lenergie-solaire-thermique-estec\/79670\/embed\/#?secret=9MsXf2pahV\" width=\"600\" height=\"338\" title=\"\u00ab\u00a0Conf\u00e9rence europ\u00e9enne de l&rsquo;\u00e9nergie solaire thermique (ESTEC)\u00a0\u00bb &#8212; Batijournal\" data-secret=\"9MsXf2pahV\" frameborder=\"0\" marginwidth=\"0\" marginheight=\"0\" scrolling=\"no\" class=\"wp-embedded-content\"><\/iframe><script type=\"text\/javascript\">\n\/* <![CDATA[ *\/\n\/*! This file is auto-generated *\/\n!function(d,l){\"use strict\";l.querySelector&&d.addEventListener&&\"undefined\"!=typeof URL&&(d.wp=d.wp||{},d.wp.receiveEmbedMessage||(d.wp.receiveEmbedMessage=function(e){var t=e.data;if((t||t.secret||t.message||t.value)&&!\/[^a-zA-Z0-9]\/.test(t.secret)){for(var s,r,n,a=l.querySelectorAll('iframe[data-secret=\"'+t.secret+'\"]'),o=l.querySelectorAll('blockquote[data-secret=\"'+t.secret+'\"]'),c=new RegExp(\"^https?:$\",\"i\"),i=0;i<o.length;i++)o[i].style.display=\"none\";for(i=0;i<a.length;i++)s=a[i],e.source===s.contentWindow&&(s.removeAttribute(\"style\"),\"height\"===t.message?(1e3<(r=parseInt(t.value,10))?r=1e3:~~r<200&&(r=200),s.height=r):\"link\"===t.message&&(r=new URL(s.getAttribute(\"src\")),n=new URL(t.value),c.test(n.protocol))&&n.host===r.host&&l.activeElement===s&&(d.top.location.href=t.value))}},d.addEventListener(\"message\",d.wp.receiveEmbedMessage,!1),l.addEventListener(\"DOMContentLoaded\",function(){for(var e,t,s=l.querySelectorAll(\"iframe.wp-embedded-content\"),r=0;r<s.length;r++)(t=(e=s[r]).getAttribute(\"data-secret\"))||(t=Math.random().toString(36).substring(2,12),e.src+=\"#?secret=\"+t,e.setAttribute(\"data-secret\",t)),e.contentWindow.postMessage({message:\"ready\",secret:t},\"*\")},!1)))}(window,document);\n\/\/# sourceURL=https:\/\/batijournal.com\/wp-includes\/js\/wp-embed.min.js\n\/* ]]> *\/\n<\/script>\n","description":"La 5e \u00e9dition de la Conf\u00e9rence europ\u00e9enne de l&rsquo;\u00e9nergie solaire thermique (ESTEC) se tiendra \u00e0 Marseille les 20 et 21 octobre 2011. Plus de 500 participants sont attendus lors de cet \u00e9v\u00e9nement de r\u00e9f\u00e9rence de la fili\u00e8re solaire thermique organis\u00e9 par la F\u00e9d\u00e9ration europ\u00e9enne du solaire thermique (Estif) et Enerplan avec le soutien de l&rsquo;ADEME. [&hellip;]"}