{"version":"1.0","provider_name":"Batijournal","provider_url":"https:\/\/batijournal.com","author_name":"St\u00e9phane Miget","author_url":"https:\/\/batijournal.com\/index.php\/author\/stephane\/","title":"Convention pour l\u2019adaptation du parc social \u00e0 la perte d\u2019autonomie","type":"rich","width":600,"height":338,"html":"<blockquote class=\"wp-embedded-content\" data-secret=\"foWR3LLSx8\"><a href=\"https:\/\/batijournal.com\/index.php\/convention-ladaptation-parc-social-a-perte-dautonomie\/95072\/\">Convention pour l\u2019adaptation du parc social \u00e0 la perte d\u2019autonomie<\/a><\/blockquote><iframe sandbox=\"allow-scripts\" security=\"restricted\" src=\"https:\/\/batijournal.com\/index.php\/convention-ladaptation-parc-social-a-perte-dautonomie\/95072\/embed\/#?secret=foWR3LLSx8\" width=\"600\" height=\"338\" title=\"\u00ab\u00a0Convention pour l\u2019adaptation du parc social \u00e0 la perte d\u2019autonomie\u00a0\u00bb &#8212; Batijournal\" data-secret=\"foWR3LLSx8\" frameborder=\"0\" marginwidth=\"0\" marginheight=\"0\" scrolling=\"no\" class=\"wp-embedded-content\"><\/iframe><script type=\"text\/javascript\">\n\/* <![CDATA[ *\/\n\/*! This file is auto-generated *\/\n!function(d,l){\"use strict\";l.querySelector&&d.addEventListener&&\"undefined\"!=typeof URL&&(d.wp=d.wp||{},d.wp.receiveEmbedMessage||(d.wp.receiveEmbedMessage=function(e){var t=e.data;if((t||t.secret||t.message||t.value)&&!\/[^a-zA-Z0-9]\/.test(t.secret)){for(var s,r,n,a=l.querySelectorAll('iframe[data-secret=\"'+t.secret+'\"]'),o=l.querySelectorAll('blockquote[data-secret=\"'+t.secret+'\"]'),c=new RegExp(\"^https?:$\",\"i\"),i=0;i<o.length;i++)o[i].style.display=\"none\";for(i=0;i<a.length;i++)s=a[i],e.source===s.contentWindow&&(s.removeAttribute(\"style\"),\"height\"===t.message?(1e3<(r=parseInt(t.value,10))?r=1e3:~~r<200&&(r=200),s.height=r):\"link\"===t.message&&(r=new URL(s.getAttribute(\"src\")),n=new URL(t.value),c.test(n.protocol))&&n.host===r.host&&l.activeElement===s&&(d.top.location.href=t.value))}},d.addEventListener(\"message\",d.wp.receiveEmbedMessage,!1),l.addEventListener(\"DOMContentLoaded\",function(){for(var e,t,s=l.querySelectorAll(\"iframe.wp-embedded-content\"),r=0;r<s.length;r++)(t=(e=s[r]).getAttribute(\"data-secret\"))||(t=Math.random().toString(36).substring(2,12),e.src+=\"#?secret=\"+t,e.setAttribute(\"data-secret\",t)),e.contentWindow.postMessage({message:\"ready\",secret:t},\"*\")},!1)))}(window,document);\n\/\/# sourceURL=https:\/\/batijournal.com\/wp-includes\/js\/wp-embed.min.js\n\/* ]]> *\/\n<\/script>\n","thumbnail_url":"https:\/\/batijournal.com\/wp-content\/uploads\/2016\/01\/accessibilite.jpg","thumbnail_width":2500,"thumbnail_height":1250,"description":"Emmanuelle Cosse, ministre du Logement et de l\u2019Habitat durable, S\u00e9gol\u00e8ne Neuville, secr\u00e9taire d\u2019\u00c9tat charg\u00e9e des Personnes handicap\u00e9es et de la Lutte contre l\u2019exclusion, et Pascale Boistard, secr\u00e9taire d\u2019\u00c9tat charg\u00e9e des Personnes \u00e2g\u00e9es et de l\u2019Autonomie, viennent de signer une convention avec l\u2019Union sociale pour l\u2019habitat (USH) pour l\u2019adaptation des logements et du cadre de vie [&hellip;]"}