{"version":"1.0","provider_name":"Batijournal","provider_url":"https:\/\/batijournal.com","author_name":"St\u00e9phane Miget","author_url":"https:\/\/batijournal.com\/index.php\/author\/stephane\/","title":"Bon d\u00e9marrage des premi\u00e8res Journ\u00e9es nationales de l\u2019architecture","type":"rich","width":600,"height":338,"html":"<blockquote class=\"wp-embedded-content\" data-secret=\"ZzV1YXyaSK\"><a href=\"https:\/\/batijournal.com\/index.php\/demarrage-premieres-journees-nationales-de-larchitecture\/93997\/\">Bon d\u00e9marrage des premi\u00e8res Journ\u00e9es nationales de l\u2019architecture<\/a><\/blockquote><iframe sandbox=\"allow-scripts\" security=\"restricted\" src=\"https:\/\/batijournal.com\/index.php\/demarrage-premieres-journees-nationales-de-larchitecture\/93997\/embed\/#?secret=ZzV1YXyaSK\" width=\"600\" height=\"338\" title=\"\u00ab\u00a0Bon d\u00e9marrage des premi\u00e8res Journ\u00e9es nationales de l\u2019architecture\u00a0\u00bb &#8212; Batijournal\" data-secret=\"ZzV1YXyaSK\" frameborder=\"0\" marginwidth=\"0\" marginheight=\"0\" scrolling=\"no\" class=\"wp-embedded-content\"><\/iframe><script type=\"text\/javascript\">\n\/* <![CDATA[ *\/\n\/*! This file is auto-generated *\/\n!function(d,l){\"use strict\";l.querySelector&&d.addEventListener&&\"undefined\"!=typeof URL&&(d.wp=d.wp||{},d.wp.receiveEmbedMessage||(d.wp.receiveEmbedMessage=function(e){var t=e.data;if((t||t.secret||t.message||t.value)&&!\/[^a-zA-Z0-9]\/.test(t.secret)){for(var s,r,n,a=l.querySelectorAll('iframe[data-secret=\"'+t.secret+'\"]'),o=l.querySelectorAll('blockquote[data-secret=\"'+t.secret+'\"]'),c=new RegExp(\"^https?:$\",\"i\"),i=0;i<o.length;i++)o[i].style.display=\"none\";for(i=0;i<a.length;i++)s=a[i],e.source===s.contentWindow&&(s.removeAttribute(\"style\"),\"height\"===t.message?(1e3<(r=parseInt(t.value,10))?r=1e3:~~r<200&&(r=200),s.height=r):\"link\"===t.message&&(r=new URL(s.getAttribute(\"src\")),n=new URL(t.value),c.test(n.protocol))&&n.host===r.host&&l.activeElement===s&&(d.top.location.href=t.value))}},d.addEventListener(\"message\",d.wp.receiveEmbedMessage,!1),l.addEventListener(\"DOMContentLoaded\",function(){for(var e,t,s=l.querySelectorAll(\"iframe.wp-embedded-content\"),r=0;r<s.length;r++)(t=(e=s[r]).getAttribute(\"data-secret\"))||(t=Math.random().toString(36).substring(2,12),e.src+=\"#?secret=\"+t,e.setAttribute(\"data-secret\",t)),e.contentWindow.postMessage({message:\"ready\",secret:t},\"*\")},!1)))}(window,document);\n\/\/# sourceURL=https:\/\/batijournal.com\/wp-includes\/js\/wp-embed.min.js\n\/* ]]> *\/\n<\/script>\n","thumbnail_url":"https:\/\/batijournal.com\/wp-content\/uploads\/2016\/10\/Les-journees-nationales-de-l_architecture.jpg","thumbnail_width":928,"thumbnail_height":397,"description":"Les premi\u00e8res Journ\u00e9es nationales de l\u2019architecture ont propos\u00e9 368 initiatives partout en France de vendredi 14 octobre \u00e0 dimanche 16 octobre 2016. Gr\u00e2ce \u00e0 l\u2019engagement et au dynamisme des acteurs du secteur, elles ont \u00a0confirm\u00e9 l\u2019int\u00e9r\u00eat du public pour l\u2019architecture selon le minist\u00e8re qui ne publie pas de chiffres.\u00a0Audrey Azoulay, Ministre de la Culture, salue [&hellip;]"}