{"version":"1.0","provider_name":"Batijournal","provider_url":"https:\/\/batijournal.com","author_name":"St\u00e9phane Miget","author_url":"https:\/\/batijournal.com\/index.php\/author\/stephane\/","title":"Dentelle d\u2019acier Corten pour Jardins fant\u00f4mes","type":"rich","width":600,"height":338,"html":"<blockquote class=\"wp-embedded-content\" data-secret=\"d2JcvoJySV\"><a href=\"https:\/\/batijournal.com\/index.php\/dentelle-dacier-corten-jardins-fantomes\/96744\/\">Dentelle d\u2019acier Corten pour Jardins fant\u00f4mes<\/a><\/blockquote><iframe sandbox=\"allow-scripts\" security=\"restricted\" src=\"https:\/\/batijournal.com\/index.php\/dentelle-dacier-corten-jardins-fantomes\/96744\/embed\/#?secret=d2JcvoJySV\" width=\"600\" height=\"338\" title=\"\u00ab\u00a0Dentelle d\u2019acier Corten pour Jardins fant\u00f4mes\u00a0\u00bb &#8212; Batijournal\" data-secret=\"d2JcvoJySV\" frameborder=\"0\" marginwidth=\"0\" marginheight=\"0\" scrolling=\"no\" class=\"wp-embedded-content\"><\/iframe><script type=\"text\/javascript\">\n\/* <![CDATA[ *\/\n\/*! This file is auto-generated *\/\n!function(d,l){\"use strict\";l.querySelector&&d.addEventListener&&\"undefined\"!=typeof URL&&(d.wp=d.wp||{},d.wp.receiveEmbedMessage||(d.wp.receiveEmbedMessage=function(e){var t=e.data;if((t||t.secret||t.message||t.value)&&!\/[^a-zA-Z0-9]\/.test(t.secret)){for(var s,r,n,a=l.querySelectorAll('iframe[data-secret=\"'+t.secret+'\"]'),o=l.querySelectorAll('blockquote[data-secret=\"'+t.secret+'\"]'),c=new RegExp(\"^https?:$\",\"i\"),i=0;i<o.length;i++)o[i].style.display=\"none\";for(i=0;i<a.length;i++)s=a[i],e.source===s.contentWindow&&(s.removeAttribute(\"style\"),\"height\"===t.message?(1e3<(r=parseInt(t.value,10))?r=1e3:~~r<200&&(r=200),s.height=r):\"link\"===t.message&&(r=new URL(s.getAttribute(\"src\")),n=new URL(t.value),c.test(n.protocol))&&n.host===r.host&&l.activeElement===s&&(d.top.location.href=t.value))}},d.addEventListener(\"message\",d.wp.receiveEmbedMessage,!1),l.addEventListener(\"DOMContentLoaded\",function(){for(var e,t,s=l.querySelectorAll(\"iframe.wp-embedded-content\"),r=0;r<s.length;r++)(t=(e=s[r]).getAttribute(\"data-secret\"))||(t=Math.random().toString(36).substring(2,12),e.src+=\"#?secret=\"+t,e.setAttribute(\"data-secret\",t)),e.contentWindow.postMessage({message:\"ready\",secret:t},\"*\")},!1)))}(window,document);\n\/\/# sourceURL=https:\/\/batijournal.com\/wp-includes\/js\/wp-embed.min.js\n\/* ]]> *\/\n<\/script>\n","thumbnail_url":"https:\/\/batijournal.com\/wp-content\/uploads\/2017\/09\/jardins-fantomes-le-havre-corten.jpg","thumbnail_width":1200,"thumbnail_height":801,"description":"Jardins fant\u00f4mes est une installation p\u00e9renne en acier Corten dans le bassin du Roy de la ville du Havre. Cette installation est r\u00e9alis\u00e9e dans le cadre de la manifestation \u00ab\u2009un \u00e9t\u00e9 au Havre\u2009\u00bb qui c\u00e9l\u00e8bre en 2017 le 500e anniversaire de la fondation de la ville par Fran\u00e7ois 1er. Baptiste Debombourg a habill\u00e9 le bassin [&hellip;]"}