{"version":"1.0","provider_name":"Batijournal","provider_url":"https:\/\/batijournal.com","author_name":"St\u00e9phane Miget","author_url":"https:\/\/batijournal.com\/index.php\/author\/stephane\/","title":"Deuxi\u00e8me cession de foncier public par l\u2019Etat","type":"rich","width":600,"height":338,"html":"<blockquote class=\"wp-embedded-content\" data-secret=\"MwqiWafIbE\"><a href=\"https:\/\/batijournal.com\/index.php\/deuxieme-cession-de-foncier-public-letat\/93438\/\">Deuxi\u00e8me cession de foncier public par l\u2019Etat<\/a><\/blockquote><iframe sandbox=\"allow-scripts\" security=\"restricted\" src=\"https:\/\/batijournal.com\/index.php\/deuxieme-cession-de-foncier-public-letat\/93438\/embed\/#?secret=MwqiWafIbE\" width=\"600\" height=\"338\" title=\"\u00ab\u00a0Deuxi\u00e8me cession de foncier public par l\u2019Etat\u00a0\u00bb &#8212; Batijournal\" data-secret=\"MwqiWafIbE\" frameborder=\"0\" marginwidth=\"0\" marginheight=\"0\" scrolling=\"no\" class=\"wp-embedded-content\"><\/iframe><script type=\"text\/javascript\">\n\/* <![CDATA[ *\/\n\/*! This file is auto-generated *\/\n!function(d,l){\"use strict\";l.querySelector&&d.addEventListener&&\"undefined\"!=typeof URL&&(d.wp=d.wp||{},d.wp.receiveEmbedMessage||(d.wp.receiveEmbedMessage=function(e){var t=e.data;if((t||t.secret||t.message||t.value)&&!\/[^a-zA-Z0-9]\/.test(t.secret)){for(var s,r,n,a=l.querySelectorAll('iframe[data-secret=\"'+t.secret+'\"]'),o=l.querySelectorAll('blockquote[data-secret=\"'+t.secret+'\"]'),c=new RegExp(\"^https?:$\",\"i\"),i=0;i<o.length;i++)o[i].style.display=\"none\";for(i=0;i<a.length;i++)s=a[i],e.source===s.contentWindow&&(s.removeAttribute(\"style\"),\"height\"===t.message?(1e3<(r=parseInt(t.value,10))?r=1e3:~~r<200&&(r=200),s.height=r):\"link\"===t.message&&(r=new URL(s.getAttribute(\"src\")),n=new URL(t.value),c.test(n.protocol))&&n.host===r.host&&l.activeElement===s&&(d.top.location.href=t.value))}},d.addEventListener(\"message\",d.wp.receiveEmbedMessage,!1),l.addEventListener(\"DOMContentLoaded\",function(){for(var e,t,s=l.querySelectorAll(\"iframe.wp-embedded-content\"),r=0;r<s.length;r++)(t=(e=s[r]).getAttribute(\"data-secret\"))||(t=Math.random().toString(36).substring(2,12),e.src+=\"#?secret=\"+t,e.setAttribute(\"data-secret\",t)),e.contentWindow.postMessage({message:\"ready\",secret:t},\"*\")},!1)))}(window,document);\n\/\/# sourceURL=https:\/\/batijournal.com\/wp-includes\/js\/wp-embed.min.js\n\/* ]]> *\/\n<\/script>\n","description":"Emmanuelle Cosse, ministre du Logement et de l\u2019Habitat Durable, Christian Eckert, secr\u00e9taire d\u2019Etat charg\u00e9 du Budget et Thierry Repentin, d\u00e9l\u00e9gu\u00e9 interminist\u00e9riel \u00e0 la mixit\u00e9 sociale dans l\u2019habitat ont sign\u00e9 \u00e0 Lyon un l\u2019acte de cession par l\u2019Etat \u00e0 la m\u00e9tropole d\u2019un immeuble domanial. La cession permettra la construction d\u2019une nouvelle r\u00e9sidence sociale sur plusieurs parcelles, [&hellip;]"}