{"version":"1.0","provider_name":"Batijournal","provider_url":"https:\/\/batijournal.com","author_name":"St\u00e9phane Miget","author_url":"https:\/\/batijournal.com\/index.php\/author\/stephane\/","title":"Dominique Cottineau, nouveau D\u00e9l\u00e9gu\u00e9 g\u00e9n\u00e9ral de l'UICB","type":"rich","width":600,"height":338,"html":"<blockquote class=\"wp-embedded-content\" data-secret=\"b9TpnBQotG\"><a href=\"https:\/\/batijournal.com\/index.php\/dominique-cottineau-nouveau-delegue-general-de-luicb\/105164\/\">Dominique Cottineau, nouveau D\u00e9l\u00e9gu\u00e9 g\u00e9n\u00e9ral de l&rsquo;UICB<\/a><\/blockquote><iframe sandbox=\"allow-scripts\" security=\"restricted\" src=\"https:\/\/batijournal.com\/index.php\/dominique-cottineau-nouveau-delegue-general-de-luicb\/105164\/embed\/#?secret=b9TpnBQotG\" width=\"600\" height=\"338\" title=\"\u00ab\u00a0Dominique Cottineau, nouveau D\u00e9l\u00e9gu\u00e9 g\u00e9n\u00e9ral de l&rsquo;UICB\u00a0\u00bb &#8212; Batijournal\" data-secret=\"b9TpnBQotG\" frameborder=\"0\" marginwidth=\"0\" marginheight=\"0\" scrolling=\"no\" class=\"wp-embedded-content\"><\/iframe><script type=\"text\/javascript\">\n\/* <![CDATA[ *\/\n\/*! This file is auto-generated *\/\n!function(d,l){\"use strict\";l.querySelector&&d.addEventListener&&\"undefined\"!=typeof URL&&(d.wp=d.wp||{},d.wp.receiveEmbedMessage||(d.wp.receiveEmbedMessage=function(e){var t=e.data;if((t||t.secret||t.message||t.value)&&!\/[^a-zA-Z0-9]\/.test(t.secret)){for(var s,r,n,a=l.querySelectorAll('iframe[data-secret=\"'+t.secret+'\"]'),o=l.querySelectorAll('blockquote[data-secret=\"'+t.secret+'\"]'),c=new RegExp(\"^https?:$\",\"i\"),i=0;i<o.length;i++)o[i].style.display=\"none\";for(i=0;i<a.length;i++)s=a[i],e.source===s.contentWindow&&(s.removeAttribute(\"style\"),\"height\"===t.message?(1e3<(r=parseInt(t.value,10))?r=1e3:~~r<200&&(r=200),s.height=r):\"link\"===t.message&&(r=new URL(s.getAttribute(\"src\")),n=new URL(t.value),c.test(n.protocol))&&n.host===r.host&&l.activeElement===s&&(d.top.location.href=t.value))}},d.addEventListener(\"message\",d.wp.receiveEmbedMessage,!1),l.addEventListener(\"DOMContentLoaded\",function(){for(var e,t,s=l.querySelectorAll(\"iframe.wp-embedded-content\"),r=0;r<s.length;r++)(t=(e=s[r]).getAttribute(\"data-secret\"))||(t=Math.random().toString(36).substring(2,12),e.src+=\"#?secret=\"+t,e.setAttribute(\"data-secret\",t)),e.contentWindow.postMessage({message:\"ready\",secret:t},\"*\")},!1)))}(window,document);\n\/\/# sourceURL=https:\/\/batijournal.com\/wp-includes\/js\/wp-embed.min.js\n\/* ]]> *\/\n<\/script>\n","thumbnail_url":"https:\/\/batijournal.com\/wp-content\/uploads\/2020\/11\/Portrait_D-Cottineau-uicb.jpg","thumbnail_width":1000,"thumbnail_height":694,"description":"Dominique Cottineau, 51 ans, vient d&rsquo;\u00eatre nomm\u00e9 D\u00e9l\u00e9gu\u00e9 G\u00e9n\u00e9ral de l\u2019Union des Industriels et Constructeurs Bois (UICB). Il \u00e9tait pr\u00e9c\u00e9demment, au sein de l\u2019association Promotelec, en charge des relations avec les acteurs institutionnels et politiques territoriaux sur l\u2019ensemble du territoire national. Ayant suivi et accompagn\u00e9 les enjeux et les \u00e9volutions des derni\u00e8res r\u00e9glementations thermiques, il [&hellip;]"}