{"version":"1.0","provider_name":"Batijournal","provider_url":"https:\/\/batijournal.com","author_name":"St\u00e9phane Miget","author_url":"https:\/\/batijournal.com\/index.php\/author\/stephane\/","title":"Donnez votre avis sur\u00a0la strat\u00e9gie nationale bas-carbone","type":"rich","width":600,"height":338,"html":"<blockquote class=\"wp-embedded-content\" data-secret=\"cc2JWaPlw1\"><a href=\"https:\/\/batijournal.com\/index.php\/donnez-avis-strategie-nationale-bas-carbone\/97524\/\">Donnez votre avis sur\u00a0la strat\u00e9gie nationale bas-carbone<\/a><\/blockquote><iframe sandbox=\"allow-scripts\" security=\"restricted\" src=\"https:\/\/batijournal.com\/index.php\/donnez-avis-strategie-nationale-bas-carbone\/97524\/embed\/#?secret=cc2JWaPlw1\" width=\"600\" height=\"338\" title=\"\u00ab\u00a0Donnez votre avis sur\u00a0la strat\u00e9gie nationale bas-carbone\u00a0\u00bb &#8212; Batijournal\" data-secret=\"cc2JWaPlw1\" frameborder=\"0\" marginwidth=\"0\" marginheight=\"0\" scrolling=\"no\" class=\"wp-embedded-content\"><\/iframe><script type=\"text\/javascript\">\n\/* <![CDATA[ *\/\n\/*! This file is auto-generated *\/\n!function(d,l){\"use strict\";l.querySelector&&d.addEventListener&&\"undefined\"!=typeof URL&&(d.wp=d.wp||{},d.wp.receiveEmbedMessage||(d.wp.receiveEmbedMessage=function(e){var t=e.data;if((t||t.secret||t.message||t.value)&&!\/[^a-zA-Z0-9]\/.test(t.secret)){for(var s,r,n,a=l.querySelectorAll('iframe[data-secret=\"'+t.secret+'\"]'),o=l.querySelectorAll('blockquote[data-secret=\"'+t.secret+'\"]'),c=new RegExp(\"^https?:$\",\"i\"),i=0;i<o.length;i++)o[i].style.display=\"none\";for(i=0;i<a.length;i++)s=a[i],e.source===s.contentWindow&&(s.removeAttribute(\"style\"),\"height\"===t.message?(1e3<(r=parseInt(t.value,10))?r=1e3:~~r<200&&(r=200),s.height=r):\"link\"===t.message&&(r=new URL(s.getAttribute(\"src\")),n=new URL(t.value),c.test(n.protocol))&&n.host===r.host&&l.activeElement===s&&(d.top.location.href=t.value))}},d.addEventListener(\"message\",d.wp.receiveEmbedMessage,!1),l.addEventListener(\"DOMContentLoaded\",function(){for(var e,t,s=l.querySelectorAll(\"iframe.wp-embedded-content\"),r=0;r<s.length;r++)(t=(e=s[r]).getAttribute(\"data-secret\"))||(t=Math.random().toString(36).substring(2,12),e.src+=\"#?secret=\"+t,e.setAttribute(\"data-secret\",t)),e.contentWindow.postMessage({message:\"ready\",secret:t},\"*\")},!1)))}(window,document);\n\/\/# sourceURL=https:\/\/batijournal.com\/wp-includes\/js\/wp-embed.min.js\n\/* ]]> *\/\n<\/script>\n","thumbnail_url":"https:\/\/batijournal.com\/wp-content\/uploads\/2015\/05\/99167124.jpg","thumbnail_width":600,"thumbnail_height":296,"description":"Nicolas Hulot, ministre d\u2019\u00c9tat, ministre de la Transition \u00e9cologique et solidaire, appelle les Fran\u00e7ais \u00e0 participer \u00e0 l\u2019\u00e9laboration de la nouvelle Strat\u00e9gie nationale bas-carbone. Elle fixera d\u2019ici fin 2018 une nouvelle trajectoire de r\u00e9duction d\u2019\u00e9missions plus ambitieuse, conform\u00e9ment aux engagements de l\u2019Accord de Paris, pour prendre en compte notre objectif de neutralit\u00e9 carbone \u00e0 l&rsquo;horizon [&hellip;]"}