{"version":"1.0","provider_name":"Batijournal","provider_url":"https:\/\/batijournal.com","author_name":"St\u00e9phane Miget","author_url":"https:\/\/batijournal.com\/index.php\/author\/stephane\/","title":"Eco-quartier et num\u00e9rique font bon m\u00e9nage \u00e0 Issy-les-Moulineaux","type":"rich","width":600,"height":338,"html":"<blockquote class=\"wp-embedded-content\" data-secret=\"ASibA32p9t\"><a href=\"https:\/\/batijournal.com\/index.php\/eco-quartier-numerique-menage-a-issy-moulineaux\/93131\/\">Eco-quartier et num\u00e9rique font bon m\u00e9nage \u00e0 Issy-les-Moulineaux<\/a><\/blockquote><iframe sandbox=\"allow-scripts\" security=\"restricted\" src=\"https:\/\/batijournal.com\/index.php\/eco-quartier-numerique-menage-a-issy-moulineaux\/93131\/embed\/#?secret=ASibA32p9t\" width=\"600\" height=\"338\" title=\"\u00ab\u00a0Eco-quartier et num\u00e9rique font bon m\u00e9nage \u00e0 Issy-les-Moulineaux\u00a0\u00bb &#8212; Batijournal\" data-secret=\"ASibA32p9t\" frameborder=\"0\" marginwidth=\"0\" marginheight=\"0\" scrolling=\"no\" class=\"wp-embedded-content\"><\/iframe><script type=\"text\/javascript\">\n\/* <![CDATA[ *\/\n\/*! This file is auto-generated *\/\n!function(d,l){\"use strict\";l.querySelector&&d.addEventListener&&\"undefined\"!=typeof URL&&(d.wp=d.wp||{},d.wp.receiveEmbedMessage||(d.wp.receiveEmbedMessage=function(e){var t=e.data;if((t||t.secret||t.message||t.value)&&!\/[^a-zA-Z0-9]\/.test(t.secret)){for(var s,r,n,a=l.querySelectorAll('iframe[data-secret=\"'+t.secret+'\"]'),o=l.querySelectorAll('blockquote[data-secret=\"'+t.secret+'\"]'),c=new RegExp(\"^https?:$\",\"i\"),i=0;i<o.length;i++)o[i].style.display=\"none\";for(i=0;i<a.length;i++)s=a[i],e.source===s.contentWindow&&(s.removeAttribute(\"style\"),\"height\"===t.message?(1e3<(r=parseInt(t.value,10))?r=1e3:~~r<200&&(r=200),s.height=r):\"link\"===t.message&&(r=new URL(s.getAttribute(\"src\")),n=new URL(t.value),c.test(n.protocol))&&n.host===r.host&&l.activeElement===s&&(d.top.location.href=t.value))}},d.addEventListener(\"message\",d.wp.receiveEmbedMessage,!1),l.addEventListener(\"DOMContentLoaded\",function(){for(var e,t,s=l.querySelectorAll(\"iframe.wp-embedded-content\"),r=0;r<s.length;r++)(t=(e=s[r]).getAttribute(\"data-secret\"))||(t=Math.random().toString(36).substring(2,12),e.src+=\"#?secret=\"+t,e.setAttribute(\"data-secret\",t)),e.contentWindow.postMessage({message:\"ready\",secret:t},\"*\")},!1)))}(window,document);\n\/\/# sourceURL=https:\/\/batijournal.com\/wp-includes\/js\/wp-embed.min.js\n\/* ]]> *\/\n<\/script>\n","thumbnail_url":"https:\/\/batijournal.com\/wp-content\/uploads\/2016\/06\/altarea_issy_eco-quartier.jpg","thumbnail_width":631,"thumbnail_height":480,"description":"A Issy-les-Moulineaux, un nouvel \u00e9co-quartier va mettre le num\u00e9rique au service de l\u2019interaction sociale et du bien vivre ensemble. Altarea Cogedim, associ\u00e9 \u00e0 l\u2019agence d\u2019architecture Valode &amp; Pistre, vient de remporter la consultation organis\u00e9e par la SARIHV (filiale de la Caisse des D\u00e9p\u00f4ts), portant sur la cession du terrain du CNET d\u2019Orange. Un v\u00e9ritable c\u0153ur [&hellip;]"}