{"version":"1.0","provider_name":"Batijournal","provider_url":"https:\/\/batijournal.com","author_name":"St\u00e9phane Miget","author_url":"https:\/\/batijournal.com\/index.php\/author\/stephane\/","title":"Fa\u00e7ade repens\u00e9e pour immeuble restructur\u00e9","type":"rich","width":600,"height":338,"html":"<blockquote class=\"wp-embedded-content\" data-secret=\"U2YubosHfy\"><a href=\"https:\/\/batijournal.com\/index.php\/facade-repensee-pour-immeuble-restructure\/106753\/\">Fa\u00e7ade repens\u00e9e pour immeuble restructur\u00e9<\/a><\/blockquote><iframe sandbox=\"allow-scripts\" security=\"restricted\" src=\"https:\/\/batijournal.com\/index.php\/facade-repensee-pour-immeuble-restructure\/106753\/embed\/#?secret=U2YubosHfy\" width=\"600\" height=\"338\" title=\"\u00ab\u00a0Fa\u00e7ade repens\u00e9e pour immeuble restructur\u00e9\u00a0\u00bb &#8212; Batijournal\" data-secret=\"U2YubosHfy\" frameborder=\"0\" marginwidth=\"0\" marginheight=\"0\" scrolling=\"no\" class=\"wp-embedded-content\"><\/iframe><script type=\"text\/javascript\">\n\/* <![CDATA[ *\/\n\/*! This file is auto-generated *\/\n!function(d,l){\"use strict\";l.querySelector&&d.addEventListener&&\"undefined\"!=typeof URL&&(d.wp=d.wp||{},d.wp.receiveEmbedMessage||(d.wp.receiveEmbedMessage=function(e){var t=e.data;if((t||t.secret||t.message||t.value)&&!\/[^a-zA-Z0-9]\/.test(t.secret)){for(var s,r,n,a=l.querySelectorAll('iframe[data-secret=\"'+t.secret+'\"]'),o=l.querySelectorAll('blockquote[data-secret=\"'+t.secret+'\"]'),c=new RegExp(\"^https?:$\",\"i\"),i=0;i<o.length;i++)o[i].style.display=\"none\";for(i=0;i<a.length;i++)s=a[i],e.source===s.contentWindow&&(s.removeAttribute(\"style\"),\"height\"===t.message?(1e3<(r=parseInt(t.value,10))?r=1e3:~~r<200&&(r=200),s.height=r):\"link\"===t.message&&(r=new URL(s.getAttribute(\"src\")),n=new URL(t.value),c.test(n.protocol))&&n.host===r.host&&l.activeElement===s&&(d.top.location.href=t.value))}},d.addEventListener(\"message\",d.wp.receiveEmbedMessage,!1),l.addEventListener(\"DOMContentLoaded\",function(){for(var e,t,s=l.querySelectorAll(\"iframe.wp-embedded-content\"),r=0;r<s.length;r++)(t=(e=s[r]).getAttribute(\"data-secret\"))||(t=Math.random().toString(36).substring(2,12),e.src+=\"#?secret=\"+t,e.setAttribute(\"data-secret\",t)),e.contentWindow.postMessage({message:\"ready\",secret:t},\"*\")},!1)))}(window,document);\n\/\/# sourceURL=https:\/\/batijournal.com\/wp-includes\/js\/wp-embed.min.js\n\/* ]]> *\/\n<\/script>\n","thumbnail_url":"https:\/\/batijournal.com\/wp-content\/uploads\/2021\/12\/Courbevoie_Nest_immeuble-la-defense.jpg","thumbnail_width":1024,"thumbnail_height":683,"description":"Engag\u00e9e il y a deux ans, la restructuration de l\u2019immeuble \u00ab Axe D\u00e9fense \u00bb op\u00e9r\u00e9e par Rehagreen, l\u2019entit\u00e9 sp\u00e9cialis\u00e9e dans les restructurations d\u2019immeubles tertiaires de Bouygues Immobilier, touche \u00e0 sa fin. Le nouvel ensemble, d\u00e9sormais d\u00e9nomm\u00e9 NE.ST, vient d&rsquo;\u00eatre livr\u00e9. Apr\u00e8s une op\u00e9ration de r\u00e9habilitation lourde et compl\u00e8te, l&rsquo;immeuble, con\u00e7u par l\u2019agence d\u2019architecture 163 Ateliers, [&hellip;]"}