{"version":"1.0","provider_name":"Batijournal","provider_url":"https:\/\/batijournal.com","author_name":"St\u00e9phane Miget","author_url":"https:\/\/batijournal.com\/index.php\/author\/stephane\/","title":"Faut-il une \u00e9tiquette \u00e9nergie pour les fen\u00eatres ?","type":"rich","width":600,"height":338,"html":"<blockquote class=\"wp-embedded-content\" data-secret=\"h3DIK83xwi\"><a href=\"https:\/\/batijournal.com\/index.php\/faut-il-une-etiquette-energie-pour-les-fenetres\/89079\/\">Faut-il une \u00e9tiquette \u00e9nergie pour les fen\u00eatres ?<\/a><\/blockquote><iframe sandbox=\"allow-scripts\" security=\"restricted\" src=\"https:\/\/batijournal.com\/index.php\/faut-il-une-etiquette-energie-pour-les-fenetres\/89079\/embed\/#?secret=h3DIK83xwi\" width=\"600\" height=\"338\" title=\"\u00ab\u00a0Faut-il une \u00e9tiquette \u00e9nergie pour les fen\u00eatres ?\u00a0\u00bb &#8212; Batijournal\" data-secret=\"h3DIK83xwi\" frameborder=\"0\" marginwidth=\"0\" marginheight=\"0\" scrolling=\"no\" class=\"wp-embedded-content\"><\/iframe><script type=\"text\/javascript\">\n\/* <![CDATA[ *\/\n\/*! This file is auto-generated *\/\n!function(d,l){\"use strict\";l.querySelector&&d.addEventListener&&\"undefined\"!=typeof URL&&(d.wp=d.wp||{},d.wp.receiveEmbedMessage||(d.wp.receiveEmbedMessage=function(e){var t=e.data;if((t||t.secret||t.message||t.value)&&!\/[^a-zA-Z0-9]\/.test(t.secret)){for(var s,r,n,a=l.querySelectorAll('iframe[data-secret=\"'+t.secret+'\"]'),o=l.querySelectorAll('blockquote[data-secret=\"'+t.secret+'\"]'),c=new RegExp(\"^https?:$\",\"i\"),i=0;i<o.length;i++)o[i].style.display=\"none\";for(i=0;i<a.length;i++)s=a[i],e.source===s.contentWindow&&(s.removeAttribute(\"style\"),\"height\"===t.message?(1e3<(r=parseInt(t.value,10))?r=1e3:~~r<200&&(r=200),s.height=r):\"link\"===t.message&&(r=new URL(s.getAttribute(\"src\")),n=new URL(t.value),c.test(n.protocol))&&n.host===r.host&&l.activeElement===s&&(d.top.location.href=t.value))}},d.addEventListener(\"message\",d.wp.receiveEmbedMessage,!1),l.addEventListener(\"DOMContentLoaded\",function(){for(var e,t,s=l.querySelectorAll(\"iframe.wp-embedded-content\"),r=0;r<s.length;r++)(t=(e=s[r]).getAttribute(\"data-secret\"))||(t=Math.random().toString(36).substring(2,12),e.src+=\"#?secret=\"+t,e.setAttribute(\"data-secret\",t)),e.contentWindow.postMessage({message:\"ready\",secret:t},\"*\")},!1)))}(window,document);\n\/\/# sourceURL=https:\/\/batijournal.com\/wp-includes\/js\/wp-embed.min.js\n\/* ]]> *\/\n<\/script>\n","thumbnail_url":"https:\/\/batijournal.com\/wp-content\/uploads\/2015\/09\/etiquette-energie.jpg","thumbnail_width":534,"thumbnail_height":301,"description":"Un rapport remis \u00e0 la Commission Europ\u00e9enne\u00a0pr\u00e9conise la mise en place d\u2019un r\u00e8glement d\u2019\u00e9tiquetage \u00e9nerg\u00e9tique des fen\u00eatres mises \u00e0 disposition dans l\u2019UE au titre de la directive Energy Labelling. Plusieurs organisations et industriels europ\u00e9ens ont d\u2019ores et d\u00e9j\u00e0 fait conna\u00eetre leurs r\u00e9ticences vis-\u00e0-vis du projet tant sur le principe que sur le contenu.\u00a0C\u2019est le r\u00f4le [&hellip;]"}