{"version":"1.0","provider_name":"Batijournal","provider_url":"https:\/\/batijournal.com","author_name":"St\u00e9phane Miget","author_url":"https:\/\/batijournal.com\/index.php\/author\/stephane\/","title":"Fondation Abb\u00e9 Pierre : sans-domicile, objectif z\u00e9ro","type":"rich","width":600,"height":338,"html":"<blockquote class=\"wp-embedded-content\" data-secret=\"I85OHcGiPX\"><a href=\"https:\/\/batijournal.com\/index.php\/fondation-abbe-pierre-domicile-objectif-zero\/95588\/\">Fondation Abb\u00e9 Pierre : sans-domicile, objectif z\u00e9ro<\/a><\/blockquote><iframe sandbox=\"allow-scripts\" security=\"restricted\" src=\"https:\/\/batijournal.com\/index.php\/fondation-abbe-pierre-domicile-objectif-zero\/95588\/embed\/#?secret=I85OHcGiPX\" width=\"600\" height=\"338\" title=\"\u00ab\u00a0Fondation Abb\u00e9 Pierre : sans-domicile, objectif z\u00e9ro\u00a0\u00bb &#8212; Batijournal\" data-secret=\"I85OHcGiPX\" frameborder=\"0\" marginwidth=\"0\" marginheight=\"0\" scrolling=\"no\" class=\"wp-embedded-content\"><\/iframe><script type=\"text\/javascript\">\n\/* <![CDATA[ *\/\n\/*! This file is auto-generated *\/\n!function(d,l){\"use strict\";l.querySelector&&d.addEventListener&&\"undefined\"!=typeof URL&&(d.wp=d.wp||{},d.wp.receiveEmbedMessage||(d.wp.receiveEmbedMessage=function(e){var t=e.data;if((t||t.secret||t.message||t.value)&&!\/[^a-zA-Z0-9]\/.test(t.secret)){for(var s,r,n,a=l.querySelectorAll('iframe[data-secret=\"'+t.secret+'\"]'),o=l.querySelectorAll('blockquote[data-secret=\"'+t.secret+'\"]'),c=new RegExp(\"^https?:$\",\"i\"),i=0;i<o.length;i++)o[i].style.display=\"none\";for(i=0;i<a.length;i++)s=a[i],e.source===s.contentWindow&&(s.removeAttribute(\"style\"),\"height\"===t.message?(1e3<(r=parseInt(t.value,10))?r=1e3:~~r<200&&(r=200),s.height=r):\"link\"===t.message&&(r=new URL(s.getAttribute(\"src\")),n=new URL(t.value),c.test(n.protocol))&&n.host===r.host&&l.activeElement===s&&(d.top.location.href=t.value))}},d.addEventListener(\"message\",d.wp.receiveEmbedMessage,!1),l.addEventListener(\"DOMContentLoaded\",function(){for(var e,t,s=l.querySelectorAll(\"iframe.wp-embedded-content\"),r=0;r<s.length;r++)(t=(e=s[r]).getAttribute(\"data-secret\"))||(t=Math.random().toString(36).substring(2,12),e.src+=\"#?secret=\"+t,e.setAttribute(\"data-secret\",t)),e.contentWindow.postMessage({message:\"ready\",secret:t},\"*\")},!1)))}(window,document);\n\/\/# sourceURL=https:\/\/batijournal.com\/wp-includes\/js\/wp-embed.min.js\n\/* ]]> *\/\n<\/script>\n","thumbnail_url":"https:\/\/batijournal.com\/wp-content\/uploads\/2015\/04\/98417379.jpg","thumbnail_width":600,"thumbnail_height":399,"description":"La Fondation Abb\u00e9 Pierre lance un appel aux candidats \u00e0 l&rsquo;\u00e9lection pr\u00e9sidentielle. Sortir de la pr\u00e9carit\u00e9 les 143 000 personnes sans-domicile, dont 30 000 mineurs, en leur proposant un vrai logement p\u00e9renne, avec un accompagnement renforc\u00e9 si besoin, au lieu de les assigner encore et toujours \u00e0 des places d\u2019h\u00e9bergement d\u2019urgence ou \u00e0 des h\u00f4tels [&hellip;]"}