{"version":"1.0","provider_name":"Batijournal","provider_url":"https:\/\/batijournal.com","author_name":"St\u00e9phane Miget","author_url":"https:\/\/batijournal.com\/index.php\/author\/stephane\/","title":"Fran\u00e7ois Hollande en ouverture du salon Batimat 2022","type":"rich","width":600,"height":338,"html":"<blockquote class=\"wp-embedded-content\" data-secret=\"g4qEN4QGk2\"><a href=\"https:\/\/batijournal.com\/index.php\/francois-hollande-en-ouverture-du-salon-batimat-2022\/107919\/\">Fran\u00e7ois Hollande en ouverture du salon Batimat 2022<\/a><\/blockquote><iframe sandbox=\"allow-scripts\" security=\"restricted\" src=\"https:\/\/batijournal.com\/index.php\/francois-hollande-en-ouverture-du-salon-batimat-2022\/107919\/embed\/#?secret=g4qEN4QGk2\" width=\"600\" height=\"338\" title=\"\u00ab\u00a0Fran\u00e7ois Hollande en ouverture du salon Batimat 2022\u00a0\u00bb &#8212; Batijournal\" data-secret=\"g4qEN4QGk2\" frameborder=\"0\" marginwidth=\"0\" marginheight=\"0\" scrolling=\"no\" class=\"wp-embedded-content\"><\/iframe><script type=\"text\/javascript\">\n\/* <![CDATA[ *\/\n\/*! This file is auto-generated *\/\n!function(d,l){\"use strict\";l.querySelector&&d.addEventListener&&\"undefined\"!=typeof URL&&(d.wp=d.wp||{},d.wp.receiveEmbedMessage||(d.wp.receiveEmbedMessage=function(e){var t=e.data;if((t||t.secret||t.message||t.value)&&!\/[^a-zA-Z0-9]\/.test(t.secret)){for(var s,r,n,a=l.querySelectorAll('iframe[data-secret=\"'+t.secret+'\"]'),o=l.querySelectorAll('blockquote[data-secret=\"'+t.secret+'\"]'),c=new RegExp(\"^https?:$\",\"i\"),i=0;i<o.length;i++)o[i].style.display=\"none\";for(i=0;i<a.length;i++)s=a[i],e.source===s.contentWindow&&(s.removeAttribute(\"style\"),\"height\"===t.message?(1e3<(r=parseInt(t.value,10))?r=1e3:~~r<200&&(r=200),s.height=r):\"link\"===t.message&&(r=new URL(s.getAttribute(\"src\")),n=new URL(t.value),c.test(n.protocol))&&n.host===r.host&&l.activeElement===s&&(d.top.location.href=t.value))}},d.addEventListener(\"message\",d.wp.receiveEmbedMessage,!1),l.addEventListener(\"DOMContentLoaded\",function(){for(var e,t,s=l.querySelectorAll(\"iframe.wp-embedded-content\"),r=0;r<s.length;r++)(t=(e=s[r]).getAttribute(\"data-secret\"))||(t=Math.random().toString(36).substring(2,12),e.src+=\"#?secret=\"+t,e.setAttribute(\"data-secret\",t)),e.contentWindow.postMessage({message:\"ready\",secret:t},\"*\")},!1)))}(window,document);\n\/\/# sourceURL=https:\/\/batijournal.com\/wp-includes\/js\/wp-embed.min.js\n\/* ]]> *\/\n<\/script>\n","thumbnail_url":"https:\/\/batijournal.com\/wp-content\/uploads\/2022\/10\/Francois-Hollande-2_batimat_2022.jpg","thumbnail_width":1000,"thumbnail_height":725,"description":"La c\u00e9r\u00e9monie d\u2019ouverture du salon Batimat, lundi 3 octobre, a \u00e9t\u00e9 marqu\u00e9e par l\u2019intervention de l\u2019ancien pr\u00e9sident de la R\u00e9publique, Fran\u00e7ois Hollande. L\u2019occasion pour l\u2019ex-chef de l\u2019\u00c9tat de dresser un bilan de l\u2019Accord de Paris et de revenir sur le r\u00f4le de la fili\u00e8re du b\u00e2timent en mati\u00e8re de transition \u00e9cologique. \u00a0 L\u2019ancien pr\u00e9sident de [&hellip;]"}