{"version":"1.0","provider_name":"Batijournal","provider_url":"https:\/\/batijournal.com","author_name":"St\u00e9phane Miget","author_url":"https:\/\/batijournal.com\/index.php\/author\/stephane\/","title":"Fran\u00e7ois Petry , Pr\u00e9sident de la Fili\u00e8re B\u00e9ton","type":"rich","width":600,"height":338,"html":"<blockquote class=\"wp-embedded-content\" data-secret=\"JA2eMQyhR8\"><a href=\"https:\/\/batijournal.com\/index.php\/francois-petry-president-de-la-filiere-beton\/105971\/\">Fran\u00e7ois Petry , Pr\u00e9sident de la Fili\u00e8re B\u00e9ton<\/a><\/blockquote><iframe sandbox=\"allow-scripts\" security=\"restricted\" src=\"https:\/\/batijournal.com\/index.php\/francois-petry-president-de-la-filiere-beton\/105971\/embed\/#?secret=JA2eMQyhR8\" width=\"600\" height=\"338\" title=\"\u00ab\u00a0Fran\u00e7ois Petry , Pr\u00e9sident de la Fili\u00e8re B\u00e9ton\u00a0\u00bb &#8212; Batijournal\" data-secret=\"JA2eMQyhR8\" frameborder=\"0\" marginwidth=\"0\" marginheight=\"0\" scrolling=\"no\" class=\"wp-embedded-content\"><\/iframe><script type=\"text\/javascript\">\n\/* <![CDATA[ *\/\n\/*! This file is auto-generated *\/\n!function(d,l){\"use strict\";l.querySelector&&d.addEventListener&&\"undefined\"!=typeof URL&&(d.wp=d.wp||{},d.wp.receiveEmbedMessage||(d.wp.receiveEmbedMessage=function(e){var t=e.data;if((t||t.secret||t.message||t.value)&&!\/[^a-zA-Z0-9]\/.test(t.secret)){for(var s,r,n,a=l.querySelectorAll('iframe[data-secret=\"'+t.secret+'\"]'),o=l.querySelectorAll('blockquote[data-secret=\"'+t.secret+'\"]'),c=new RegExp(\"^https?:$\",\"i\"),i=0;i<o.length;i++)o[i].style.display=\"none\";for(i=0;i<a.length;i++)s=a[i],e.source===s.contentWindow&&(s.removeAttribute(\"style\"),\"height\"===t.message?(1e3<(r=parseInt(t.value,10))?r=1e3:~~r<200&&(r=200),s.height=r):\"link\"===t.message&&(r=new URL(s.getAttribute(\"src\")),n=new URL(t.value),c.test(n.protocol))&&n.host===r.host&&l.activeElement===s&&(d.top.location.href=t.value))}},d.addEventListener(\"message\",d.wp.receiveEmbedMessage,!1),l.addEventListener(\"DOMContentLoaded\",function(){for(var e,t,s=l.querySelectorAll(\"iframe.wp-embedded-content\"),r=0;r<s.length;r++)(t=(e=s[r]).getAttribute(\"data-secret\"))||(t=Math.random().toString(36).substring(2,12),e.src+=\"#?secret=\"+t,e.setAttribute(\"data-secret\",t)),e.contentWindow.postMessage({message:\"ready\",secret:t},\"*\")},!1)))}(window,document);\n\/\/# sourceURL=https:\/\/batijournal.com\/wp-includes\/js\/wp-embed.min.js\n\/* ]]> *\/\n<\/script>\n","thumbnail_url":"https:\/\/batijournal.com\/wp-content\/uploads\/2021\/06\/francois-petry.jpg","thumbnail_width":348,"thumbnail_height":248,"description":"Fran\u00e7ois Petry a \u00e9t\u00e9 \u00e9lu \u00e0 la pr\u00e9sidence de la Fili\u00e8re B\u00e9ton le 16 juin 2021. Il succ\u00e8de \u00e0 Philippe Gruat, \u00e9lu \u00e0 la pr\u00e9sidence de l\u2019Association fran\u00e7aise des Industries des produits de Construction (AIMCC). Gr\u00e2ce \u00e0 sa longue exp\u00e9rience dans le secteur et ses r\u00f4les actuels de pr\u00e9sident du SFIC (Syndicat National de l\u2019Industrie [&hellip;]"}