{"version":"1.0","provider_name":"Batijournal","provider_url":"https:\/\/batijournal.com","author_name":"Bati-journal","author_url":"https:\/\/batijournal.com\/index.php\/author\/elodie\/","title":"Gard, 21 juillet 2007 : \"Agriculture bio et Biodiversit\u00e9\"","type":"rich","width":600,"height":338,"html":"<blockquote class=\"wp-embedded-content\" data-secret=\"Wa1qbsitQP\"><a href=\"https:\/\/batijournal.com\/index.php\/gard-21-juillet-2007-agriculture-bio-et-biodiversite\/80554\/\">Gard, 21 juillet 2007 : \u00ab\u00a0Agriculture bio et Biodiversit\u00e9\u00a0\u00bb<\/a><\/blockquote><iframe sandbox=\"allow-scripts\" security=\"restricted\" src=\"https:\/\/batijournal.com\/index.php\/gard-21-juillet-2007-agriculture-bio-et-biodiversite\/80554\/embed\/#?secret=Wa1qbsitQP\" width=\"600\" height=\"338\" title=\"\u00ab\u00a0Gard, 21 juillet 2007 : \u00ab\u00a0Agriculture bio et Biodiversit\u00e9\u00a0\u00bb\u00a0\u00bb &#8212; Batijournal\" data-secret=\"Wa1qbsitQP\" frameborder=\"0\" marginwidth=\"0\" marginheight=\"0\" scrolling=\"no\" class=\"wp-embedded-content\"><\/iframe><script type=\"text\/javascript\">\n\/* <![CDATA[ *\/\n\/*! This file is auto-generated *\/\n!function(d,l){\"use strict\";l.querySelector&&d.addEventListener&&\"undefined\"!=typeof URL&&(d.wp=d.wp||{},d.wp.receiveEmbedMessage||(d.wp.receiveEmbedMessage=function(e){var t=e.data;if((t||t.secret||t.message||t.value)&&!\/[^a-zA-Z0-9]\/.test(t.secret)){for(var s,r,n,a=l.querySelectorAll('iframe[data-secret=\"'+t.secret+'\"]'),o=l.querySelectorAll('blockquote[data-secret=\"'+t.secret+'\"]'),c=new RegExp(\"^https?:$\",\"i\"),i=0;i<o.length;i++)o[i].style.display=\"none\";for(i=0;i<a.length;i++)s=a[i],e.source===s.contentWindow&&(s.removeAttribute(\"style\"),\"height\"===t.message?(1e3<(r=parseInt(t.value,10))?r=1e3:~~r<200&&(r=200),s.height=r):\"link\"===t.message&&(r=new URL(s.getAttribute(\"src\")),n=new URL(t.value),c.test(n.protocol))&&n.host===r.host&&l.activeElement===s&&(d.top.location.href=t.value))}},d.addEventListener(\"message\",d.wp.receiveEmbedMessage,!1),l.addEventListener(\"DOMContentLoaded\",function(){for(var e,t,s=l.querySelectorAll(\"iframe.wp-embedded-content\"),r=0;r<s.length;r++)(t=(e=s[r]).getAttribute(\"data-secret\"))||(t=Math.random().toString(36).substring(2,12),e.src+=\"#?secret=\"+t,e.setAttribute(\"data-secret\",t)),e.contentWindow.postMessage({message:\"ready\",secret:t},\"*\")},!1)))}(window,document);\n\/\/# sourceURL=https:\/\/batijournal.com\/wp-includes\/js\/wp-embed.min.js\n\/* ]]> *\/\n<\/script>\n","thumbnail_url":"https:\/\/batijournal.com\/wp-content\/uploads\/2015\/03\/001584.jpg","thumbnail_width":472,"thumbnail_height":600,"description":"Nature &amp; D\u00e9couvertes accueille Pierre Rabhi, pr\u00e9sident de l&rsquo;association Terre et Humanisme, pour d\u00e9battre sur l&rsquo;agriculture biologique et la biodiversit\u00e9. Cette manifestation sera suivie par \u00ab\u00a0Parole de Terre\u00a0\u00bb, une pi\u00e8ce tir\u00e9e du livre de Pierre Rabhi par la compagnie Les enfants du paradis. Participation gratuite, r\u00e9servation obligatoire, bambouseraie d&rsquo;Anduze, G\u00e9n\u00e9ragues Anduze, Gard"}