{"version":"1.0","provider_name":"Batijournal","provider_url":"https:\/\/batijournal.com","author_name":"St\u00e9phane Miget","author_url":"https:\/\/batijournal.com\/index.php\/author\/stephane\/","title":"Hlm : l'autonomie \u00e9nerg\u00e9tique, une des principales pr\u00e9occupations","type":"rich","width":600,"height":338,"html":"<blockquote class=\"wp-embedded-content\" data-secret=\"3byFnYo9tc\"><a href=\"https:\/\/batijournal.com\/index.php\/hlm-lautonomie-energetique-principales-preoccupations\/93807\/\">Hlm : l&rsquo;autonomie \u00e9nerg\u00e9tique, une des principales pr\u00e9occupations<\/a><\/blockquote><iframe sandbox=\"allow-scripts\" security=\"restricted\" src=\"https:\/\/batijournal.com\/index.php\/hlm-lautonomie-energetique-principales-preoccupations\/93807\/embed\/#?secret=3byFnYo9tc\" width=\"600\" height=\"338\" title=\"\u00ab\u00a0Hlm : l&rsquo;autonomie \u00e9nerg\u00e9tique, une des principales pr\u00e9occupations\u00a0\u00bb &#8212; Batijournal\" data-secret=\"3byFnYo9tc\" frameborder=\"0\" marginwidth=\"0\" marginheight=\"0\" scrolling=\"no\" class=\"wp-embedded-content\"><\/iframe><script type=\"text\/javascript\">\n\/* <![CDATA[ *\/\n\/*! This file is auto-generated *\/\n!function(d,l){\"use strict\";l.querySelector&&d.addEventListener&&\"undefined\"!=typeof URL&&(d.wp=d.wp||{},d.wp.receiveEmbedMessage||(d.wp.receiveEmbedMessage=function(e){var t=e.data;if((t||t.secret||t.message||t.value)&&!\/[^a-zA-Z0-9]\/.test(t.secret)){for(var s,r,n,a=l.querySelectorAll('iframe[data-secret=\"'+t.secret+'\"]'),o=l.querySelectorAll('blockquote[data-secret=\"'+t.secret+'\"]'),c=new RegExp(\"^https?:$\",\"i\"),i=0;i<o.length;i++)o[i].style.display=\"none\";for(i=0;i<a.length;i++)s=a[i],e.source===s.contentWindow&&(s.removeAttribute(\"style\"),\"height\"===t.message?(1e3<(r=parseInt(t.value,10))?r=1e3:~~r<200&&(r=200),s.height=r):\"link\"===t.message&&(r=new URL(s.getAttribute(\"src\")),n=new URL(t.value),c.test(n.protocol))&&n.host===r.host&&l.activeElement===s&&(d.top.location.href=t.value))}},d.addEventListener(\"message\",d.wp.receiveEmbedMessage,!1),l.addEventListener(\"DOMContentLoaded\",function(){for(var e,t,s=l.querySelectorAll(\"iframe.wp-embedded-content\"),r=0;r<s.length;r++)(t=(e=s[r]).getAttribute(\"data-secret\"))||(t=Math.random().toString(36).substring(2,12),e.src+=\"#?secret=\"+t,e.setAttribute(\"data-secret\",t)),e.contentWindow.postMessage({message:\"ready\",secret:t},\"*\")},!1)))}(window,document);\n\/\/# sourceURL=https:\/\/batijournal.com\/wp-includes\/js\/wp-embed.min.js\n\/* ]]> *\/\n<\/script>\n","thumbnail_url":"https:\/\/batijournal.com\/wp-content\/uploads\/2015\/06\/mouvement-hlm.jpg","thumbnail_width":1000,"thumbnail_height":593,"description":"Construire \u00ab\u00a0l&rsquo;autonomie \u00e9nerg\u00e9tique\u00a0\u00bb du patrimoine Hlm est l&rsquo;une des grandes pistes d&rsquo;innovation pour adapter le parc Hlm aux attentes de la soci\u00e9t\u00e9 fran\u00e7aise. Il fait partie des 45 propositions adopt\u00e9es le jeudi 29 septembre 2016 par les participants au congr\u00e8s HLM 2016. Les travaux de r\u00e9habilitation et d\u2019am\u00e9lioration du parc locatif Hlm sont \u00e9lev\u00e9s et [&hellip;]"}