{"version":"1.0","provider_name":"Batijournal","provider_url":"https:\/\/batijournal.com","author_name":"Bati-journal","author_url":"https:\/\/batijournal.com\/index.php\/author\/elodie\/","title":"ICA jette l\u2019ancre en France","type":"rich","width":600,"height":338,"html":"<blockquote class=\"wp-embedded-content\" data-secret=\"R1bMTbbrvf\"><a href=\"https:\/\/batijournal.com\/index.php\/ica-jette-lancre-en-france\/77980\/\">ICA jette l\u2019ancre en France<\/a><\/blockquote><iframe sandbox=\"allow-scripts\" security=\"restricted\" src=\"https:\/\/batijournal.com\/index.php\/ica-jette-lancre-en-france\/77980\/embed\/#?secret=R1bMTbbrvf\" width=\"600\" height=\"338\" title=\"\u00ab\u00a0ICA jette l\u2019ancre en France\u00a0\u00bb &#8212; Batijournal\" data-secret=\"R1bMTbbrvf\" frameborder=\"0\" marginwidth=\"0\" marginheight=\"0\" scrolling=\"no\" class=\"wp-embedded-content\"><\/iframe><script type=\"text\/javascript\">\n\/* <![CDATA[ *\/\n\/*! This file is auto-generated *\/\n!function(d,l){\"use strict\";l.querySelector&&d.addEventListener&&\"undefined\"!=typeof URL&&(d.wp=d.wp||{},d.wp.receiveEmbedMessage||(d.wp.receiveEmbedMessage=function(e){var t=e.data;if((t||t.secret||t.message||t.value)&&!\/[^a-zA-Z0-9]\/.test(t.secret)){for(var s,r,n,a=l.querySelectorAll('iframe[data-secret=\"'+t.secret+'\"]'),o=l.querySelectorAll('blockquote[data-secret=\"'+t.secret+'\"]'),c=new RegExp(\"^https?:$\",\"i\"),i=0;i<o.length;i++)o[i].style.display=\"none\";for(i=0;i<a.length;i++)s=a[i],e.source===s.contentWindow&&(s.removeAttribute(\"style\"),\"height\"===t.message?(1e3<(r=parseInt(t.value,10))?r=1e3:~~r<200&&(r=200),s.height=r):\"link\"===t.message&&(r=new URL(s.getAttribute(\"src\")),n=new URL(t.value),c.test(n.protocol))&&n.host===r.host&&l.activeElement===s&&(d.top.location.href=t.value))}},d.addEventListener(\"message\",d.wp.receiveEmbedMessage,!1),l.addEventListener(\"DOMContentLoaded\",function(){for(var e,t,s=l.querySelectorAll(\"iframe.wp-embedded-content\"),r=0;r<s.length;r++)(t=(e=s[r]).getAttribute(\"data-secret\"))||(t=Math.random().toString(36).substring(2,12),e.src+=\"#?secret=\"+t,e.setAttribute(\"data-secret\",t)),e.contentWindow.postMessage({message:\"ready\",secret:t},\"*\")},!1)))}(window,document);\n\/\/# sourceURL=https:\/\/batijournal.com\/wp-includes\/js\/wp-embed.min.js\n\/* ]]> *\/\n<\/script>\n","thumbnail_url":"https:\/\/batijournal.com\/wp-content\/uploads\/2015\/03\/002587.jpg","thumbnail_width":600,"thumbnail_height":513,"description":"Apr\u00e8s avoir install\u00e9 son premier d\u00e9p\u00f4t \u00e0 Chalon-sur-Sa\u00f4ne (71), en partenariat avec la soci\u00e9t\u00e9 Albrecht Vernis et Laques, l&rsquo;entreprise italienne ICA, sp\u00e9cialis\u00e9e dans la production et la commercialisation de vernis sp\u00e9ciaux pour le bois, renforce son implantation dans l\u2019Hexagone avec l\u2019arriv\u00e9e de Serge Birckener qui occupera le poste de responsable technico-commercial France. Cet ing\u00e9nieur chimiste, [&hellip;]"}