{"version":"1.0","provider_name":"Batijournal","provider_url":"https:\/\/batijournal.com","author_name":"St\u00e9phane Miget","author_url":"https:\/\/batijournal.com\/index.php\/author\/stephane\/","title":"La journ\u00e9e du clocher prend de l'ampleur","type":"rich","width":600,"height":338,"html":"<blockquote class=\"wp-embedded-content\" data-secret=\"bfDg7gNJlz\"><a href=\"https:\/\/batijournal.com\/index.php\/journee-clocher-prend-de-lampleur\/91860\/\">La journ\u00e9e du clocher prend de l&rsquo;ampleur<\/a><\/blockquote><iframe sandbox=\"allow-scripts\" security=\"restricted\" src=\"https:\/\/batijournal.com\/index.php\/journee-clocher-prend-de-lampleur\/91860\/embed\/#?secret=bfDg7gNJlz\" width=\"600\" height=\"338\" title=\"\u00ab\u00a0La journ\u00e9e du clocher prend de l&rsquo;ampleur\u00a0\u00bb &#8212; Batijournal\" data-secret=\"bfDg7gNJlz\" frameborder=\"0\" marginwidth=\"0\" marginheight=\"0\" scrolling=\"no\" class=\"wp-embedded-content\"><\/iframe><script type=\"text\/javascript\">\n\/* <![CDATA[ *\/\n\/*! This file is auto-generated *\/\n!function(d,l){\"use strict\";l.querySelector&&d.addEventListener&&\"undefined\"!=typeof URL&&(d.wp=d.wp||{},d.wp.receiveEmbedMessage||(d.wp.receiveEmbedMessage=function(e){var t=e.data;if((t||t.secret||t.message||t.value)&&!\/[^a-zA-Z0-9]\/.test(t.secret)){for(var s,r,n,a=l.querySelectorAll('iframe[data-secret=\"'+t.secret+'\"]'),o=l.querySelectorAll('blockquote[data-secret=\"'+t.secret+'\"]'),c=new RegExp(\"^https?:$\",\"i\"),i=0;i<o.length;i++)o[i].style.display=\"none\";for(i=0;i<a.length;i++)s=a[i],e.source===s.contentWindow&&(s.removeAttribute(\"style\"),\"height\"===t.message?(1e3<(r=parseInt(t.value,10))?r=1e3:~~r<200&&(r=200),s.height=r):\"link\"===t.message&&(r=new URL(s.getAttribute(\"src\")),n=new URL(t.value),c.test(n.protocol))&&n.host===r.host&&l.activeElement===s&&(d.top.location.href=t.value))}},d.addEventListener(\"message\",d.wp.receiveEmbedMessage,!1),l.addEventListener(\"DOMContentLoaded\",function(){for(var e,t,s=l.querySelectorAll(\"iframe.wp-embedded-content\"),r=0;r<s.length;r++)(t=(e=s[r]).getAttribute(\"data-secret\"))||(t=Math.random().toString(36).substring(2,12),e.src+=\"#?secret=\"+t,e.setAttribute(\"data-secret\",t)),e.contentWindow.postMessage({message:\"ready\",secret:t},\"*\")},!1)))}(window,document);\n\/\/# sourceURL=https:\/\/batijournal.com\/wp-includes\/js\/wp-embed.min.js\n\/* ]]> *\/\n<\/script>\n","thumbnail_url":"https:\/\/batijournal.com\/wp-content\/uploads\/2016\/03\/journee-du-clocher-2016.jpg","thumbnail_width":1024,"thumbnail_height":379,"description":"En 2015, la premi\u00e8re Journ\u00e9e du Clocher s\u2019est d\u00e9roul\u00e9e en Seine-Maritime. Au total, 22 sites ont particip\u00e9 dont 14 \u00e9glises, une abbaye, deux abbatiales, un couvent, deux carillons et deux mus\u00e9es. Cette ann\u00e9e, ce sont plus de 100 sites dans cinq d\u00e9partements (Ardennes, C\u00f4te d\u2019Or, Essonne, Loir et Cher et Seine-Maritime) qui seront ouverts. La [&hellip;]"}