{"version":"1.0","provider_name":"Batijournal","provider_url":"https:\/\/batijournal.com","author_name":"St\u00e9phane Miget","author_url":"https:\/\/batijournal.com\/index.php\/author\/stephane\/","title":"Journ\u00e9es nationales de l\u2019architecture 2021","type":"rich","width":600,"height":338,"html":"<blockquote class=\"wp-embedded-content\" data-secret=\"cgMx7ZpKYK\"><a href=\"https:\/\/batijournal.com\/index.php\/journees-nationales-de-larchitecture-2021\/106369\/\">Journ\u00e9es nationales de l\u2019architecture 2021<\/a><\/blockquote><iframe sandbox=\"allow-scripts\" security=\"restricted\" src=\"https:\/\/batijournal.com\/index.php\/journees-nationales-de-larchitecture-2021\/106369\/embed\/#?secret=cgMx7ZpKYK\" width=\"600\" height=\"338\" title=\"\u00ab\u00a0Journ\u00e9es nationales de l\u2019architecture 2021\u00a0\u00bb &#8212; Batijournal\" data-secret=\"cgMx7ZpKYK\" frameborder=\"0\" marginwidth=\"0\" marginheight=\"0\" scrolling=\"no\" class=\"wp-embedded-content\"><\/iframe><script type=\"text\/javascript\">\n\/* <![CDATA[ *\/\n\/*! This file is auto-generated *\/\n!function(d,l){\"use strict\";l.querySelector&&d.addEventListener&&\"undefined\"!=typeof URL&&(d.wp=d.wp||{},d.wp.receiveEmbedMessage||(d.wp.receiveEmbedMessage=function(e){var t=e.data;if((t||t.secret||t.message||t.value)&&!\/[^a-zA-Z0-9]\/.test(t.secret)){for(var s,r,n,a=l.querySelectorAll('iframe[data-secret=\"'+t.secret+'\"]'),o=l.querySelectorAll('blockquote[data-secret=\"'+t.secret+'\"]'),c=new RegExp(\"^https?:$\",\"i\"),i=0;i<o.length;i++)o[i].style.display=\"none\";for(i=0;i<a.length;i++)s=a[i],e.source===s.contentWindow&&(s.removeAttribute(\"style\"),\"height\"===t.message?(1e3<(r=parseInt(t.value,10))?r=1e3:~~r<200&&(r=200),s.height=r):\"link\"===t.message&&(r=new URL(s.getAttribute(\"src\")),n=new URL(t.value),c.test(n.protocol))&&n.host===r.host&&l.activeElement===s&&(d.top.location.href=t.value))}},d.addEventListener(\"message\",d.wp.receiveEmbedMessage,!1),l.addEventListener(\"DOMContentLoaded\",function(){for(var e,t,s=l.querySelectorAll(\"iframe.wp-embedded-content\"),r=0;r<s.length;r++)(t=(e=s[r]).getAttribute(\"data-secret\"))||(t=Math.random().toString(36).substring(2,12),e.src+=\"#?secret=\"+t,e.setAttribute(\"data-secret\",t)),e.contentWindow.postMessage({message:\"ready\",secret:t},\"*\")},!1)))}(window,document);\n\/\/# sourceURL=https:\/\/batijournal.com\/wp-includes\/js\/wp-embed.min.js\n\/* ]]> *\/\n<\/script>\n","thumbnail_url":"https:\/\/batijournal.com\/wp-content\/uploads\/2021\/10\/210723-JNA-illustrations_web-787x443px-2.jpg","thumbnail_width":787,"thumbnail_height":443,"description":"La 6e \u00e9dition des Journ\u00e9es nationales de l\u2019architecture, initi\u00e9es par le minist\u00e8re de la Culture en 2016, aura lieu les 15, 16 et 17 octobre 2021. Cette \u00e9dition interroge la th\u00e9matique cruciale du \u00ab vivre ensemble \u00bb. Durant trois jours, l\u2019architecture se d\u00e9couvre dans toutes ses dimensions \u00e0 travers des balades urbaines, des d\u00e9bats, des [&hellip;]"}