{"version":"1.0","provider_name":"Batijournal","provider_url":"https:\/\/batijournal.com","author_name":"Bati-journal","author_url":"https:\/\/batijournal.com\/index.php\/author\/elodie\/","title":"La restauration du th\u00e9\u00e2tre de Fontainebleau est termin\u00e9e","type":"rich","width":600,"height":338,"html":"<blockquote class=\"wp-embedded-content\" data-secret=\"kM76qw5NHJ\"><a href=\"https:\/\/batijournal.com\/index.php\/la-restauration-du-theatre-de-fontainebleau-est-terminee\/81335\/\">La restauration du th\u00e9\u00e2tre de Fontainebleau est termin\u00e9e<\/a><\/blockquote><iframe sandbox=\"allow-scripts\" security=\"restricted\" src=\"https:\/\/batijournal.com\/index.php\/la-restauration-du-theatre-de-fontainebleau-est-terminee\/81335\/embed\/#?secret=kM76qw5NHJ\" width=\"600\" height=\"338\" title=\"\u00ab\u00a0La restauration du th\u00e9\u00e2tre de Fontainebleau est termin\u00e9e\u00a0\u00bb &#8212; Batijournal\" data-secret=\"kM76qw5NHJ\" frameborder=\"0\" marginwidth=\"0\" marginheight=\"0\" scrolling=\"no\" class=\"wp-embedded-content\"><\/iframe><script type=\"text\/javascript\">\n\/* <![CDATA[ *\/\n\/*! This file is auto-generated *\/\n!function(d,l){\"use strict\";l.querySelector&&d.addEventListener&&\"undefined\"!=typeof URL&&(d.wp=d.wp||{},d.wp.receiveEmbedMessage||(d.wp.receiveEmbedMessage=function(e){var t=e.data;if((t||t.secret||t.message||t.value)&&!\/[^a-zA-Z0-9]\/.test(t.secret)){for(var s,r,n,a=l.querySelectorAll('iframe[data-secret=\"'+t.secret+'\"]'),o=l.querySelectorAll('blockquote[data-secret=\"'+t.secret+'\"]'),c=new RegExp(\"^https?:$\",\"i\"),i=0;i<o.length;i++)o[i].style.display=\"none\";for(i=0;i<a.length;i++)s=a[i],e.source===s.contentWindow&&(s.removeAttribute(\"style\"),\"height\"===t.message?(1e3<(r=parseInt(t.value,10))?r=1e3:~~r<200&&(r=200),s.height=r):\"link\"===t.message&&(r=new URL(s.getAttribute(\"src\")),n=new URL(t.value),c.test(n.protocol))&&n.host===r.host&&l.activeElement===s&&(d.top.location.href=t.value))}},d.addEventListener(\"message\",d.wp.receiveEmbedMessage,!1),l.addEventListener(\"DOMContentLoaded\",function(){for(var e,t,s=l.querySelectorAll(\"iframe.wp-embedded-content\"),r=0;r<s.length;r++)(t=(e=s[r]).getAttribute(\"data-secret\"))||(t=Math.random().toString(36).substring(2,12),e.src+=\"#?secret=\"+t,e.setAttribute(\"data-secret\",t)),e.contentWindow.postMessage({message:\"ready\",secret:t},\"*\")},!1)))}(window,document);\n\/\/# sourceURL=https:\/\/batijournal.com\/wp-includes\/js\/wp-embed.min.js\n\/* ]]> *\/\n<\/script>\n","thumbnail_url":"https:\/\/batijournal.com\/wp-content\/uploads\/2015\/03\/513117821.jpg","thumbnail_width":600,"thumbnail_height":310,"description":"Pour son 100\u00e8me anniversaire, le Th\u00e9\u00e2tre de Fontainebleau verra l&rsquo;aboutissement du vaste programme de restauration dont il fait l&rsquo;objet depuis plus de dix ans. Le 14 septembre 2012, la Salle des f\u00eates, le hall Tavernier et le bar seront inaugur\u00e9s. Leur r\u00e9habilitation, qui constituait la derni\u00e8re tranche de travaux du Th\u00e9\u00e2tre, a b\u00e9n\u00e9fici\u00e9 de l&rsquo;aide [&hellip;]"}