{"version":"1.0","provider_name":"Batijournal","provider_url":"https:\/\/batijournal.com","author_name":"St\u00e9phane Miget","author_url":"https:\/\/batijournal.com\/index.php\/author\/stephane\/","title":"Lancement du Fonds national des aides \u00e0 la pierre","type":"rich","width":600,"height":338,"html":"<blockquote class=\"wp-embedded-content\" data-secret=\"l7cEi4a0Nk\"><a href=\"https:\/\/batijournal.com\/index.php\/lancement-fonds-national-aides-a-pierre\/93581\/\">Lancement du Fonds national des aides \u00e0 la pierre<\/a><\/blockquote><iframe sandbox=\"allow-scripts\" security=\"restricted\" src=\"https:\/\/batijournal.com\/index.php\/lancement-fonds-national-aides-a-pierre\/93581\/embed\/#?secret=l7cEi4a0Nk\" width=\"600\" height=\"338\" title=\"\u00ab\u00a0Lancement du Fonds national des aides \u00e0 la pierre\u00a0\u00bb &#8212; Batijournal\" data-secret=\"l7cEi4a0Nk\" frameborder=\"0\" marginwidth=\"0\" marginheight=\"0\" scrolling=\"no\" class=\"wp-embedded-content\"><\/iframe><script type=\"text\/javascript\">\n\/* <![CDATA[ *\/\n\/*! This file is auto-generated *\/\n!function(d,l){\"use strict\";l.querySelector&&d.addEventListener&&\"undefined\"!=typeof URL&&(d.wp=d.wp||{},d.wp.receiveEmbedMessage||(d.wp.receiveEmbedMessage=function(e){var t=e.data;if((t||t.secret||t.message||t.value)&&!\/[^a-zA-Z0-9]\/.test(t.secret)){for(var s,r,n,a=l.querySelectorAll('iframe[data-secret=\"'+t.secret+'\"]'),o=l.querySelectorAll('blockquote[data-secret=\"'+t.secret+'\"]'),c=new RegExp(\"^https?:$\",\"i\"),i=0;i<o.length;i++)o[i].style.display=\"none\";for(i=0;i<a.length;i++)s=a[i],e.source===s.contentWindow&&(s.removeAttribute(\"style\"),\"height\"===t.message?(1e3<(r=parseInt(t.value,10))?r=1e3:~~r<200&&(r=200),s.height=r):\"link\"===t.message&&(r=new URL(s.getAttribute(\"src\")),n=new URL(t.value),c.test(n.protocol))&&n.host===r.host&&l.activeElement===s&&(d.top.location.href=t.value))}},d.addEventListener(\"message\",d.wp.receiveEmbedMessage,!1),l.addEventListener(\"DOMContentLoaded\",function(){for(var e,t,s=l.querySelectorAll(\"iframe.wp-embedded-content\"),r=0;r<s.length;r++)(t=(e=s[r]).getAttribute(\"data-secret\"))||(t=Math.random().toString(36).substring(2,12),e.src+=\"#?secret=\"+t,e.setAttribute(\"data-secret\",t)),e.contentWindow.postMessage({message:\"ready\",secret:t},\"*\")},!1)))}(window,document);\n\/\/# sourceURL=https:\/\/batijournal.com\/wp-includes\/js\/wp-embed.min.js\n\/* ]]> *\/\n<\/script>\n","thumbnail_url":"https:\/\/batijournal.com\/wp-content\/uploads\/2016\/08\/fonds-national-aides-a-la-pierre.png","thumbnail_width":1188,"thumbnail_height":592,"description":"Le Fonds national des aides \u00e0 la pierre (FNAP) est d\u00e9sormais une r\u00e9alit\u00e9, Emmanuelle Cosse, ministre du Logement et de l\u2019Habitat durable, a proc\u00e9d\u00e9, mardi 23 ao\u00fbt 2016, \u00e0 l\u2019installation de son Conseil d\u2019Administration. Ce fonds devrait permettre de simplifier et clarifier la programmation et la gestion des aides \u00e0 la pierre, de s\u00e9curiser et [&hellip;]"}