{"version":"1.0","provider_name":"Batijournal","provider_url":"https:\/\/batijournal.com","author_name":"St\u00e9phane Miget","author_url":"https:\/\/batijournal.com\/index.php\/author\/stephane\/","title":"L\u2019ANRU lance la d\u00e9marche \u00ab Quartiers r\u00e9silients \u00bb","type":"rich","width":600,"height":338,"html":"<blockquote class=\"wp-embedded-content\" data-secret=\"Ueo5a68KQj\"><a href=\"https:\/\/batijournal.com\/index.php\/lanru-lance-la-demarche-quartiers-resilients\/108068\/\">L\u2019ANRU lance la d\u00e9marche \u00ab Quartiers r\u00e9silients \u00bb<\/a><\/blockquote><iframe sandbox=\"allow-scripts\" security=\"restricted\" src=\"https:\/\/batijournal.com\/index.php\/lanru-lance-la-demarche-quartiers-resilients\/108068\/embed\/#?secret=Ueo5a68KQj\" width=\"600\" height=\"338\" title=\"\u00ab\u00a0L\u2019ANRU lance la d\u00e9marche \u00ab Quartiers r\u00e9silients \u00bb\u00a0\u00bb &#8212; Batijournal\" data-secret=\"Ueo5a68KQj\" frameborder=\"0\" marginwidth=\"0\" marginheight=\"0\" scrolling=\"no\" class=\"wp-embedded-content\"><\/iframe><script type=\"text\/javascript\">\n\/* <![CDATA[ *\/\n\/*! This file is auto-generated *\/\n!function(d,l){\"use strict\";l.querySelector&&d.addEventListener&&\"undefined\"!=typeof URL&&(d.wp=d.wp||{},d.wp.receiveEmbedMessage||(d.wp.receiveEmbedMessage=function(e){var t=e.data;if((t||t.secret||t.message||t.value)&&!\/[^a-zA-Z0-9]\/.test(t.secret)){for(var s,r,n,a=l.querySelectorAll('iframe[data-secret=\"'+t.secret+'\"]'),o=l.querySelectorAll('blockquote[data-secret=\"'+t.secret+'\"]'),c=new RegExp(\"^https?:$\",\"i\"),i=0;i<o.length;i++)o[i].style.display=\"none\";for(i=0;i<a.length;i++)s=a[i],e.source===s.contentWindow&&(s.removeAttribute(\"style\"),\"height\"===t.message?(1e3<(r=parseInt(t.value,10))?r=1e3:~~r<200&&(r=200),s.height=r):\"link\"===t.message&&(r=new URL(s.getAttribute(\"src\")),n=new URL(t.value),c.test(n.protocol))&&n.host===r.host&&l.activeElement===s&&(d.top.location.href=t.value))}},d.addEventListener(\"message\",d.wp.receiveEmbedMessage,!1),l.addEventListener(\"DOMContentLoaded\",function(){for(var e,t,s=l.querySelectorAll(\"iframe.wp-embedded-content\"),r=0;r<s.length;r++)(t=(e=s[r]).getAttribute(\"data-secret\"))||(t=Math.random().toString(36).substring(2,12),e.src+=\"#?secret=\"+t,e.setAttribute(\"data-secret\",t)),e.contentWindow.postMessage({message:\"ready\",secret:t},\"*\")},!1)))}(window,document);\n\/\/# sourceURL=https:\/\/batijournal.com\/wp-includes\/js\/wp-embed.min.js\n\/* ]]> *\/\n<\/script>\n","thumbnail_url":"https:\/\/batijournal.com\/wp-content\/uploads\/2022\/10\/chantier-quartiers.jpg","thumbnail_width":1000,"thumbnail_height":628,"description":"Lors de son dernier conseil d\u2019administration, l\u2019ANRU a d\u00e9taill\u00e9 la d\u00e9marche \u00ab Quartiers r\u00e9silients \u00bb annonc\u00e9e, le 12 septembre 2022, par le ministre d\u00e9l\u00e9gu\u00e9 \u00e0 la Ville et au Logement, Olivier Klein. En finan\u00e7ant l\u2019am\u00e9lioration de la performance \u00e9nerg\u00e9tique des b\u00e2timents ou des dispositifs d\u2019innovation gr\u00e2ce \u00e0 des fonds du SGPI, l\u2019ANRU a fait du [&hellip;]"}