{"version":"1.0","provider_name":"Batijournal","provider_url":"https:\/\/batijournal.com","author_name":"St\u00e9phane Miget","author_url":"https:\/\/batijournal.com\/index.php\/author\/stephane\/","title":"L'Assembl\u00e9e nationale pr\u00e9serve la TVA \u00e0 taux r\u00e9duit","type":"rich","width":600,"height":338,"html":"<blockquote class=\"wp-embedded-content\" data-secret=\"guXiqXQjsx\"><a href=\"https:\/\/batijournal.com\/index.php\/lassemblee-nationale-preserve-la-tva-a-taux-reduit\/105300\/\">L&rsquo;Assembl\u00e9e nationale pr\u00e9serve la TVA \u00e0 taux r\u00e9duit<\/a><\/blockquote><iframe sandbox=\"allow-scripts\" security=\"restricted\" src=\"https:\/\/batijournal.com\/index.php\/lassemblee-nationale-preserve-la-tva-a-taux-reduit\/105300\/embed\/#?secret=guXiqXQjsx\" width=\"600\" height=\"338\" title=\"\u00ab\u00a0L&rsquo;Assembl\u00e9e nationale pr\u00e9serve la TVA \u00e0 taux r\u00e9duit\u00a0\u00bb &#8212; Batijournal\" data-secret=\"guXiqXQjsx\" frameborder=\"0\" marginwidth=\"0\" marginheight=\"0\" scrolling=\"no\" class=\"wp-embedded-content\"><\/iframe><script type=\"text\/javascript\">\n\/* <![CDATA[ *\/\n\/*! This file is auto-generated *\/\n!function(d,l){\"use strict\";l.querySelector&&d.addEventListener&&\"undefined\"!=typeof URL&&(d.wp=d.wp||{},d.wp.receiveEmbedMessage||(d.wp.receiveEmbedMessage=function(e){var t=e.data;if((t||t.secret||t.message||t.value)&&!\/[^a-zA-Z0-9]\/.test(t.secret)){for(var s,r,n,a=l.querySelectorAll('iframe[data-secret=\"'+t.secret+'\"]'),o=l.querySelectorAll('blockquote[data-secret=\"'+t.secret+'\"]'),c=new RegExp(\"^https?:$\",\"i\"),i=0;i<o.length;i++)o[i].style.display=\"none\";for(i=0;i<a.length;i++)s=a[i],e.source===s.contentWindow&&(s.removeAttribute(\"style\"),\"height\"===t.message?(1e3<(r=parseInt(t.value,10))?r=1e3:~~r<200&&(r=200),s.height=r):\"link\"===t.message&&(r=new URL(s.getAttribute(\"src\")),n=new URL(t.value),c.test(n.protocol))&&n.host===r.host&&l.activeElement===s&&(d.top.location.href=t.value))}},d.addEventListener(\"message\",d.wp.receiveEmbedMessage,!1),l.addEventListener(\"DOMContentLoaded\",function(){for(var e,t,s=l.querySelectorAll(\"iframe.wp-embedded-content\"),r=0;r<s.length;r++)(t=(e=s[r]).getAttribute(\"data-secret\"))||(t=Math.random().toString(36).substring(2,12),e.src+=\"#?secret=\"+t,e.setAttribute(\"data-secret\",t)),e.contentWindow.postMessage({message:\"ready\",secret:t},\"*\")},!1)))}(window,document);\n\/\/# sourceURL=https:\/\/batijournal.com\/wp-includes\/js\/wp-embed.min.js\n\/* ]]> *\/\n<\/script>\n","thumbnail_url":"https:\/\/batijournal.com\/wp-content\/uploads\/2015\/12\/tva-2.jpg","thumbnail_width":1100,"thumbnail_height":660,"description":"L\u2019Assembl\u00e9e nationale a adopt\u00e9 d\u00e9finitivement un amendement supprimant la disposition red\u00e9finissant le p\u00e9rim\u00e8tre de la TVA \u00e0 taux r\u00e9duit dans le cadre du Projet de loi de Finances pour 2021. Les S\u00e9nateurs avaient adopt\u00e9 un amendement red\u00e9finissant le p\u00e9rim\u00e8tre de la TVA \u00e0 taux r\u00e9duit (celui de l\u2019ECO-PTZ) du fait de la suppression du CITE [&hellip;]"}