{"version":"1.0","provider_name":"Batijournal","provider_url":"https:\/\/batijournal.com","author_name":"St\u00e9phane Miget","author_url":"https:\/\/batijournal.com\/index.php\/author\/stephane\/","title":"Le b\u00e9ton au journ\u00e9es europ\u00e9ennes du patrimoine","type":"rich","width":600,"height":338,"html":"<blockquote class=\"wp-embedded-content\" data-secret=\"jGXDJjK1sA\"><a href=\"https:\/\/batijournal.com\/index.php\/le-beton-au-journees-europeennes-du-patrimoine\/109181\/\">Le b\u00e9ton au journ\u00e9es europ\u00e9ennes du patrimoine<\/a><\/blockquote><iframe sandbox=\"allow-scripts\" security=\"restricted\" src=\"https:\/\/batijournal.com\/index.php\/le-beton-au-journees-europeennes-du-patrimoine\/109181\/embed\/#?secret=jGXDJjK1sA\" width=\"600\" height=\"338\" title=\"\u00ab\u00a0Le b\u00e9ton au journ\u00e9es europ\u00e9ennes du patrimoine\u00a0\u00bb &#8212; Batijournal\" data-secret=\"jGXDJjK1sA\" frameborder=\"0\" marginwidth=\"0\" marginheight=\"0\" scrolling=\"no\" class=\"wp-embedded-content\"><\/iframe><script type=\"text\/javascript\">\n\/* <![CDATA[ *\/\n\/*! This file is auto-generated *\/\n!function(d,l){\"use strict\";l.querySelector&&d.addEventListener&&\"undefined\"!=typeof URL&&(d.wp=d.wp||{},d.wp.receiveEmbedMessage||(d.wp.receiveEmbedMessage=function(e){var t=e.data;if((t||t.secret||t.message||t.value)&&!\/[^a-zA-Z0-9]\/.test(t.secret)){for(var s,r,n,a=l.querySelectorAll('iframe[data-secret=\"'+t.secret+'\"]'),o=l.querySelectorAll('blockquote[data-secret=\"'+t.secret+'\"]'),c=new RegExp(\"^https?:$\",\"i\"),i=0;i<o.length;i++)o[i].style.display=\"none\";for(i=0;i<a.length;i++)s=a[i],e.source===s.contentWindow&&(s.removeAttribute(\"style\"),\"height\"===t.message?(1e3<(r=parseInt(t.value,10))?r=1e3:~~r<200&&(r=200),s.height=r):\"link\"===t.message&&(r=new URL(s.getAttribute(\"src\")),n=new URL(t.value),c.test(n.protocol))&&n.host===r.host&&l.activeElement===s&&(d.top.location.href=t.value))}},d.addEventListener(\"message\",d.wp.receiveEmbedMessage,!1),l.addEventListener(\"DOMContentLoaded\",function(){for(var e,t,s=l.querySelectorAll(\"iframe.wp-embedded-content\"),r=0;r<s.length;r++)(t=(e=s[r]).getAttribute(\"data-secret\"))||(t=Math.random().toString(36).substring(2,12),e.src+=\"#?secret=\"+t,e.setAttribute(\"data-secret\",t)),e.contentWindow.postMessage({message:\"ready\",secret:t},\"*\")},!1)))}(window,document);\n\/\/# sourceURL=https:\/\/batijournal.com\/wp-includes\/js\/wp-embed.min.js\n\/* ]]> *\/\n<\/script>\n","thumbnail_url":"https:\/\/batijournal.com\/wp-content\/uploads\/2023\/09\/Centrale-Beton-Tolbiac-EQIOM.jpg","thumbnail_width":1000,"thumbnail_height":778,"description":"EQIOM participe aux journ\u00e9es europ\u00e9ennes du patrimoine et convie le grand public, le vendredi 15 et le samedi 16 septembre, \u00e0 la d\u00e9couverte de son unit\u00e9 de production de b\u00e9ton pr\u00eat \u00e0 l\u2019emploi de Tolbiac. Pendant ces deux jours de d\u00e9couverte, EQIOM B\u00e9tons, acteur engag\u00e9 pour la construction durable, invite les visiteurs \u00e0 pousser les [&hellip;]"}