{"version":"1.0","provider_name":"Batijournal","provider_url":"https:\/\/batijournal.com","author_name":"St\u00e9phane Miget","author_url":"https:\/\/batijournal.com\/index.php\/author\/stephane\/","title":"Le Quadrilat\u00e8re de Beauvais rouvrira d\u00e9but avril 2025","type":"rich","width":600,"height":338,"html":"<blockquote class=\"wp-embedded-content\" data-secret=\"9uFEkSAvqM\"><a href=\"https:\/\/batijournal.com\/index.php\/le-quadrilatere-de-beauvais-rouvrira-debut-avril-2025\/111367\/\">Le Quadrilat\u00e8re de Beauvais rouvrira d\u00e9but avril 2025<\/a><\/blockquote><iframe sandbox=\"allow-scripts\" security=\"restricted\" src=\"https:\/\/batijournal.com\/index.php\/le-quadrilatere-de-beauvais-rouvrira-debut-avril-2025\/111367\/embed\/#?secret=9uFEkSAvqM\" width=\"600\" height=\"338\" title=\"\u00ab\u00a0Le Quadrilat\u00e8re de Beauvais rouvrira d\u00e9but avril 2025\u00a0\u00bb &#8212; Batijournal\" data-secret=\"9uFEkSAvqM\" frameborder=\"0\" marginwidth=\"0\" marginheight=\"0\" scrolling=\"no\" class=\"wp-embedded-content\"><\/iframe><script type=\"text\/javascript\">\n\/* <![CDATA[ *\/\n\/*! This file is auto-generated *\/\n!function(d,l){\"use strict\";l.querySelector&&d.addEventListener&&\"undefined\"!=typeof URL&&(d.wp=d.wp||{},d.wp.receiveEmbedMessage||(d.wp.receiveEmbedMessage=function(e){var t=e.data;if((t||t.secret||t.message||t.value)&&!\/[^a-zA-Z0-9]\/.test(t.secret)){for(var s,r,n,a=l.querySelectorAll('iframe[data-secret=\"'+t.secret+'\"]'),o=l.querySelectorAll('blockquote[data-secret=\"'+t.secret+'\"]'),c=new RegExp(\"^https?:$\",\"i\"),i=0;i<o.length;i++)o[i].style.display=\"none\";for(i=0;i<a.length;i++)s=a[i],e.source===s.contentWindow&&(s.removeAttribute(\"style\"),\"height\"===t.message?(1e3<(r=parseInt(t.value,10))?r=1e3:~~r<200&&(r=200),s.height=r):\"link\"===t.message&&(r=new URL(s.getAttribute(\"src\")),n=new URL(t.value),c.test(n.protocol))&&n.host===r.host&&l.activeElement===s&&(d.top.location.href=t.value))}},d.addEventListener(\"message\",d.wp.receiveEmbedMessage,!1),l.addEventListener(\"DOMContentLoaded\",function(){for(var e,t,s=l.querySelectorAll(\"iframe.wp-embedded-content\"),r=0;r<s.length;r++)(t=(e=s[r]).getAttribute(\"data-secret\"))||(t=Math.random().toString(36).substring(2,12),e.src+=\"#?secret=\"+t,e.setAttribute(\"data-secret\",t)),e.contentWindow.postMessage({message:\"ready\",secret:t},\"*\")},!1)))}(window,document);\n\/\/# sourceURL=https:\/\/batijournal.com\/wp-includes\/js\/wp-embed.min.js\n\/* ]]> *\/\n<\/script>\n","thumbnail_url":"https:\/\/batijournal.com\/wp-content\/uploads\/2024\/12\/quadrilatere-beauvais.jpg","thumbnail_width":969,"thumbnail_height":766,"description":"Centre d\u2019art \u00e0 rayonnement national, Le Quadrilat\u00e8re &#8211; Centre d\u2019art de Beauvais rouvrira ses portes le 5 avril 2025 apr\u00e8s deux ans de travaux, s\u2019inscrivant dans une ann\u00e9e exceptionnelle marqu\u00e9e par les 800 ans de la cath\u00e9drale Saint Pierre et la revalorisation du quartier \u00e9piscopal. Intitul\u00e9e \u00c9crire l\u2019espace, la saison inaugurale c\u00e9l\u00e9brera l\u2019architecture moderniste d\u2019Andr\u00e9 [&hellip;]"}