{"version":"1.0","provider_name":"Batijournal","provider_url":"https:\/\/batijournal.com","author_name":"St\u00e9phane Miget","author_url":"https:\/\/batijournal.com\/index.php\/author\/stephane\/","title":"Le Sacr\u00e9-C\u0153ur bient\u00f4t un monument historique ?","type":"rich","width":600,"height":338,"html":"<blockquote class=\"wp-embedded-content\" data-secret=\"R726TRvM7y\"><a href=\"https:\/\/batijournal.com\/index.php\/le-sacre-coeur-bientot-un-monument-historique\/105014\/\">Le Sacr\u00e9-C\u0153ur bient\u00f4t un monument historique ?<\/a><\/blockquote><iframe sandbox=\"allow-scripts\" security=\"restricted\" src=\"https:\/\/batijournal.com\/index.php\/le-sacre-coeur-bientot-un-monument-historique\/105014\/embed\/#?secret=R726TRvM7y\" width=\"600\" height=\"338\" title=\"\u00ab\u00a0Le Sacr\u00e9-C\u0153ur bient\u00f4t un monument historique ?\u00a0\u00bb &#8212; Batijournal\" data-secret=\"R726TRvM7y\" frameborder=\"0\" marginwidth=\"0\" marginheight=\"0\" scrolling=\"no\" class=\"wp-embedded-content\"><\/iframe><script type=\"text\/javascript\">\n\/* <![CDATA[ *\/\n\/*! This file is auto-generated *\/\n!function(d,l){\"use strict\";l.querySelector&&d.addEventListener&&\"undefined\"!=typeof URL&&(d.wp=d.wp||{},d.wp.receiveEmbedMessage||(d.wp.receiveEmbedMessage=function(e){var t=e.data;if((t||t.secret||t.message||t.value)&&!\/[^a-zA-Z0-9]\/.test(t.secret)){for(var s,r,n,a=l.querySelectorAll('iframe[data-secret=\"'+t.secret+'\"]'),o=l.querySelectorAll('blockquote[data-secret=\"'+t.secret+'\"]'),c=new RegExp(\"^https?:$\",\"i\"),i=0;i<o.length;i++)o[i].style.display=\"none\";for(i=0;i<a.length;i++)s=a[i],e.source===s.contentWindow&&(s.removeAttribute(\"style\"),\"height\"===t.message?(1e3<(r=parseInt(t.value,10))?r=1e3:~~r<200&&(r=200),s.height=r):\"link\"===t.message&&(r=new URL(s.getAttribute(\"src\")),n=new URL(t.value),c.test(n.protocol))&&n.host===r.host&&l.activeElement===s&&(d.top.location.href=t.value))}},d.addEventListener(\"message\",d.wp.receiveEmbedMessage,!1),l.addEventListener(\"DOMContentLoaded\",function(){for(var e,t,s=l.querySelectorAll(\"iframe.wp-embedded-content\"),r=0;r<s.length;r++)(t=(e=s[r]).getAttribute(\"data-secret\"))||(t=Math.random().toString(36).substring(2,12),e.src+=\"#?secret=\"+t,e.setAttribute(\"data-secret\",t)),e.contentWindow.postMessage({message:\"ready\",secret:t},\"*\")},!1)))}(window,document);\n\/\/# sourceURL=https:\/\/batijournal.com\/wp-includes\/js\/wp-embed.min.js\n\/* ]]> *\/\n<\/script>\n","thumbnail_url":"https:\/\/batijournal.com\/wp-content\/uploads\/2020\/10\/detail-coupole-site.jpg","thumbnail_width":800,"thumbnail_height":533,"description":"Un si\u00e8cle apr\u00e8s la cons\u00e9cration de la Basilique, la DRAC \u00cele-de-France a engag\u00e9 le processus pour prot\u00e9ger le Sacr\u00e9-C\u0153ur au titre des monuments historiques. \u00c0 ce jour, elle ne b\u00e9n\u00e9ficie d\u2019aucune protection au titre des monuments historiques, ce qui refl\u00e8te la progressive et parfois difficile reconnaissance du patrimoine du XIXe si\u00e8cle. La basilique s\u2019est pourtant [&hellip;]"}