{"version":"1.0","provider_name":"Batijournal","provider_url":"https:\/\/batijournal.com","author_name":"Bati-journal","author_url":"https:\/\/batijournal.com\/index.php\/author\/elodie\/","title":"Le salon BePOSITIVE de retour en mars 2023","type":"rich","width":600,"height":338,"html":"<blockquote class=\"wp-embedded-content\" data-secret=\"xdvbu6nFFj\"><a href=\"https:\/\/batijournal.com\/index.php\/le-salon-bepositive-de-retour-en-mars-2023\/108370\/\">Le salon BePOSITIVE de retour en mars 2023<\/a><\/blockquote><iframe sandbox=\"allow-scripts\" security=\"restricted\" src=\"https:\/\/batijournal.com\/index.php\/le-salon-bepositive-de-retour-en-mars-2023\/108370\/embed\/#?secret=xdvbu6nFFj\" width=\"600\" height=\"338\" title=\"\u00ab\u00a0Le salon BePOSITIVE de retour en mars 2023\u00a0\u00bb &#8212; Batijournal\" data-secret=\"xdvbu6nFFj\" frameborder=\"0\" marginwidth=\"0\" marginheight=\"0\" scrolling=\"no\" class=\"wp-embedded-content\"><\/iframe><script type=\"text\/javascript\">\n\/* <![CDATA[ *\/\n\/*! This file is auto-generated *\/\n!function(d,l){\"use strict\";l.querySelector&&d.addEventListener&&\"undefined\"!=typeof URL&&(d.wp=d.wp||{},d.wp.receiveEmbedMessage||(d.wp.receiveEmbedMessage=function(e){var t=e.data;if((t||t.secret||t.message||t.value)&&!\/[^a-zA-Z0-9]\/.test(t.secret)){for(var s,r,n,a=l.querySelectorAll('iframe[data-secret=\"'+t.secret+'\"]'),o=l.querySelectorAll('blockquote[data-secret=\"'+t.secret+'\"]'),c=new RegExp(\"^https?:$\",\"i\"),i=0;i<o.length;i++)o[i].style.display=\"none\";for(i=0;i<a.length;i++)s=a[i],e.source===s.contentWindow&&(s.removeAttribute(\"style\"),\"height\"===t.message?(1e3<(r=parseInt(t.value,10))?r=1e3:~~r<200&&(r=200),s.height=r):\"link\"===t.message&&(r=new URL(s.getAttribute(\"src\")),n=new URL(t.value),c.test(n.protocol))&&n.host===r.host&&l.activeElement===s&&(d.top.location.href=t.value))}},d.addEventListener(\"message\",d.wp.receiveEmbedMessage,!1),l.addEventListener(\"DOMContentLoaded\",function(){for(var e,t,s=l.querySelectorAll(\"iframe.wp-embedded-content\"),r=0;r<s.length;r++)(t=(e=s[r]).getAttribute(\"data-secret\"))||(t=Math.random().toString(36).substring(2,12),e.src+=\"#?secret=\"+t,e.setAttribute(\"data-secret\",t)),e.contentWindow.postMessage({message:\"ready\",secret:t},\"*\")},!1)))}(window,document);\n\/\/# sourceURL=https:\/\/batijournal.com\/wp-includes\/js\/wp-embed.min.js\n\/* ]]> *\/\n<\/script>\n","thumbnail_url":"https:\/\/batijournal.com\/wp-content\/uploads\/2022\/11\/Visuel-CP-BePOSITIVE-le-salon-national-de-la-transition-energetique.png","thumbnail_width":955,"thumbnail_height":636,"description":"A l\u2019heure du d\u00e9fi climatique et de la crise \u00e9nerg\u00e9tique, les fili\u00e8res de l\u2019\u00e9nergie et du b\u00e2timent vivent une r\u00e9volution. Plus que jamais, la sobri\u00e9t\u00e9 \u00e9nerg\u00e9tique, les \u00e9nergies renouvelables, le num\u00e9rique, et l\u2019innovation sont au c\u0153ur de la trajectoire \u00e0 suivre pour une gestion optimis\u00e9e et responsable de l\u2019\u00e9nergie. C&rsquo;est pour accompagner cette d\u00e9marche que [&hellip;]"}