{"version":"1.0","provider_name":"Batijournal","provider_url":"https:\/\/batijournal.com","author_name":"St\u00e9phane Miget","author_url":"https:\/\/batijournal.com\/index.php\/author\/stephane\/","title":"L\u2019\u00c9cole du Louvre se dote de nouveaux espaces","type":"rich","width":600,"height":338,"html":"<blockquote class=\"wp-embedded-content\" data-secret=\"Vmrju5br7j\"><a href=\"https:\/\/batijournal.com\/index.php\/lecole-du-louvre-se-dote-de-nouveaux-espaces\/107126\/\">L\u2019\u00c9cole du Louvre se dote de nouveaux espaces<\/a><\/blockquote><iframe sandbox=\"allow-scripts\" security=\"restricted\" src=\"https:\/\/batijournal.com\/index.php\/lecole-du-louvre-se-dote-de-nouveaux-espaces\/107126\/embed\/#?secret=Vmrju5br7j\" width=\"600\" height=\"338\" title=\"\u00ab\u00a0L\u2019\u00c9cole du Louvre se dote de nouveaux espaces\u00a0\u00bb &#8212; Batijournal\" data-secret=\"Vmrju5br7j\" frameborder=\"0\" marginwidth=\"0\" marginheight=\"0\" scrolling=\"no\" class=\"wp-embedded-content\"><\/iframe><script type=\"text\/javascript\">\n\/* <![CDATA[ *\/\n\/*! This file is auto-generated *\/\n!function(d,l){\"use strict\";l.querySelector&&d.addEventListener&&\"undefined\"!=typeof URL&&(d.wp=d.wp||{},d.wp.receiveEmbedMessage||(d.wp.receiveEmbedMessage=function(e){var t=e.data;if((t||t.secret||t.message||t.value)&&!\/[^a-zA-Z0-9]\/.test(t.secret)){for(var s,r,n,a=l.querySelectorAll('iframe[data-secret=\"'+t.secret+'\"]'),o=l.querySelectorAll('blockquote[data-secret=\"'+t.secret+'\"]'),c=new RegExp(\"^https?:$\",\"i\"),i=0;i<o.length;i++)o[i].style.display=\"none\";for(i=0;i<a.length;i++)s=a[i],e.source===s.contentWindow&&(s.removeAttribute(\"style\"),\"height\"===t.message?(1e3<(r=parseInt(t.value,10))?r=1e3:~~r<200&&(r=200),s.height=r):\"link\"===t.message&&(r=new URL(s.getAttribute(\"src\")),n=new URL(t.value),c.test(n.protocol))&&n.host===r.host&&l.activeElement===s&&(d.top.location.href=t.value))}},d.addEventListener(\"message\",d.wp.receiveEmbedMessage,!1),l.addEventListener(\"DOMContentLoaded\",function(){for(var e,t,s=l.querySelectorAll(\"iframe.wp-embedded-content\"),r=0;r<s.length;r++)(t=(e=s[r]).getAttribute(\"data-secret\"))||(t=Math.random().toString(36).substring(2,12),e.src+=\"#?secret=\"+t,e.setAttribute(\"data-secret\",t)),e.contentWindow.postMessage({message:\"ready\",secret:t},\"*\")},!1)))}(window,document);\n\/\/# sourceURL=https:\/\/batijournal.com\/wp-includes\/js\/wp-embed.min.js\n\/* ]]> *\/\n<\/script>\n","thumbnail_url":"https:\/\/batijournal.com\/wp-content\/uploads\/2022\/03\/agrandissement-ecole-du-louvre.jpg","thumbnail_width":600,"thumbnail_height":401,"description":"L\u2019\u00c9cole du Louvre a inaugur\u00e9 le 11 mars 2022 un ambitieux projet architectural (une biblioth\u00e8que, un centre de recherche et des lieux de vie) port\u00e9 par Claire Barbillon, directrice de l\u2019\u00c9cole du Louvre et rendu possible gr\u00e2ce au m\u00e9c\u00e9nat d\u2019exception de Majid Boustany, pr\u00e9sident de la Francis Bacon MB Art Foundation. Il s\u2019agit du plus [&hellip;]"}