{"version":"1.0","provider_name":"Batijournal","provider_url":"https:\/\/batijournal.com","author_name":"St\u00e9phane Miget","author_url":"https:\/\/batijournal.com\/index.php\/author\/stephane\/","title":"L\u2019entreprise Emaillerie alsacienne c\u00e9l\u00e8bre ses 100 ans","type":"rich","width":600,"height":338,"html":"<blockquote class=\"wp-embedded-content\" data-secret=\"NU5xUvbpHH\"><a href=\"https:\/\/batijournal.com\/index.php\/lentreprise-emaillerie-alsacienne-celebre-ses-100-ans\/109796\/\">L\u2019entreprise Emaillerie alsacienne c\u00e9l\u00e8bre ses 100 ans<\/a><\/blockquote><iframe sandbox=\"allow-scripts\" security=\"restricted\" src=\"https:\/\/batijournal.com\/index.php\/lentreprise-emaillerie-alsacienne-celebre-ses-100-ans\/109796\/embed\/#?secret=NU5xUvbpHH\" width=\"600\" height=\"338\" title=\"\u00ab\u00a0L\u2019entreprise Emaillerie alsacienne c\u00e9l\u00e8bre ses 100 ans\u00a0\u00bb &#8212; Batijournal\" data-secret=\"NU5xUvbpHH\" frameborder=\"0\" marginwidth=\"0\" marginheight=\"0\" scrolling=\"no\" class=\"wp-embedded-content\"><\/iframe><script type=\"text\/javascript\">\n\/* <![CDATA[ *\/\n\/*! This file is auto-generated *\/\n!function(d,l){\"use strict\";l.querySelector&&d.addEventListener&&\"undefined\"!=typeof URL&&(d.wp=d.wp||{},d.wp.receiveEmbedMessage||(d.wp.receiveEmbedMessage=function(e){var t=e.data;if((t||t.secret||t.message||t.value)&&!\/[^a-zA-Z0-9]\/.test(t.secret)){for(var s,r,n,a=l.querySelectorAll('iframe[data-secret=\"'+t.secret+'\"]'),o=l.querySelectorAll('blockquote[data-secret=\"'+t.secret+'\"]'),c=new RegExp(\"^https?:$\",\"i\"),i=0;i<o.length;i++)o[i].style.display=\"none\";for(i=0;i<a.length;i++)s=a[i],e.source===s.contentWindow&&(s.removeAttribute(\"style\"),\"height\"===t.message?(1e3<(r=parseInt(t.value,10))?r=1e3:~~r<200&&(r=200),s.height=r):\"link\"===t.message&&(r=new URL(s.getAttribute(\"src\")),n=new URL(t.value),c.test(n.protocol))&&n.host===r.host&&l.activeElement===s&&(d.top.location.href=t.value))}},d.addEventListener(\"message\",d.wp.receiveEmbedMessage,!1),l.addEventListener(\"DOMContentLoaded\",function(){for(var e,t,s=l.querySelectorAll(\"iframe.wp-embedded-content\"),r=0;r<s.length;r++)(t=(e=s[r]).getAttribute(\"data-secret\"))||(t=Math.random().toString(36).substring(2,12),e.src+=\"#?secret=\"+t,e.setAttribute(\"data-secret\",t)),e.contentWindow.postMessage({message:\"ready\",secret:t},\"*\")},!1)))}(window,document);\n\/\/# sourceURL=https:\/\/batijournal.com\/wp-includes\/js\/wp-embed.min.js\n\/* ]]> *\/\n<\/script>\n","thumbnail_url":"https:\/\/batijournal.com\/wp-content\/uploads\/2023\/12\/Emaillerie-alsacienne.png","thumbnail_width":1105,"thumbnail_height":677,"description":"L\u2019ann\u00e9e 2023 marque l\u2019anniversaire et la r\u00e9ussite centenaire de l\u2019entreprise Emaillerie alsacienne, sp\u00e9cialiste des panneaux de fa\u00e7ades opaques, d\u00e9di\u00e9s aux fa\u00e7ades l\u00e9g\u00e8res, murs rideaux, menuiseries et ch\u00e2ssis pour les ERP, \u00e9tablissements de sant\u00e9, de culture et loisirs, les b\u00e2timents tertiaires, logements collectifs, enseignement, centres commerciaux&#8230; Dans un march\u00e9 en forte croissance, l&rsquo;entreprise a investi 7 [&hellip;]"}