{"version":"1.0","provider_name":"Batijournal","provider_url":"https:\/\/batijournal.com","author_name":"St\u00e9phane Miget","author_url":"https:\/\/batijournal.com\/index.php\/author\/stephane\/","title":"Les \u00e9nergies renouvelables, de plus en plus comp\u00e9titives","type":"rich","width":600,"height":338,"html":"<blockquote class=\"wp-embedded-content\" data-secret=\"5lmn0NaIRr\"><a href=\"https:\/\/batijournal.com\/index.php\/les-energies-renouvelables-de-plus-en-plus-competitives\/103698\/\">Les \u00e9nergies renouvelables, de plus en plus comp\u00e9titives<\/a><\/blockquote><iframe sandbox=\"allow-scripts\" security=\"restricted\" src=\"https:\/\/batijournal.com\/index.php\/les-energies-renouvelables-de-plus-en-plus-competitives\/103698\/embed\/#?secret=5lmn0NaIRr\" width=\"600\" height=\"338\" title=\"\u00ab\u00a0Les \u00e9nergies renouvelables, de plus en plus comp\u00e9titives\u00a0\u00bb &#8212; Batijournal\" data-secret=\"5lmn0NaIRr\" frameborder=\"0\" marginwidth=\"0\" marginheight=\"0\" scrolling=\"no\" class=\"wp-embedded-content\"><\/iframe><script type=\"text\/javascript\">\n\/* <![CDATA[ *\/\n\/*! This file is auto-generated *\/\n!function(d,l){\"use strict\";l.querySelector&&d.addEventListener&&\"undefined\"!=typeof URL&&(d.wp=d.wp||{},d.wp.receiveEmbedMessage||(d.wp.receiveEmbedMessage=function(e){var t=e.data;if((t||t.secret||t.message||t.value)&&!\/[^a-zA-Z0-9]\/.test(t.secret)){for(var s,r,n,a=l.querySelectorAll('iframe[data-secret=\"'+t.secret+'\"]'),o=l.querySelectorAll('blockquote[data-secret=\"'+t.secret+'\"]'),c=new RegExp(\"^https?:$\",\"i\"),i=0;i<o.length;i++)o[i].style.display=\"none\";for(i=0;i<a.length;i++)s=a[i],e.source===s.contentWindow&&(s.removeAttribute(\"style\"),\"height\"===t.message?(1e3<(r=parseInt(t.value,10))?r=1e3:~~r<200&&(r=200),s.height=r):\"link\"===t.message&&(r=new URL(s.getAttribute(\"src\")),n=new URL(t.value),c.test(n.protocol))&&n.host===r.host&&l.activeElement===s&&(d.top.location.href=t.value))}},d.addEventListener(\"message\",d.wp.receiveEmbedMessage,!1),l.addEventListener(\"DOMContentLoaded\",function(){for(var e,t,s=l.querySelectorAll(\"iframe.wp-embedded-content\"),r=0;r<s.length;r++)(t=(e=s[r]).getAttribute(\"data-secret\"))||(t=Math.random().toString(36).substring(2,12),e.src+=\"#?secret=\"+t,e.setAttribute(\"data-secret\",t)),e.contentWindow.postMessage({message:\"ready\",secret:t},\"*\")},!1)))}(window,document);\n\/\/# sourceURL=https:\/\/batijournal.com\/wp-includes\/js\/wp-embed.min.js\n\/* ]]> *\/\n<\/script>\n","thumbnail_url":"https:\/\/batijournal.com\/wp-content\/uploads\/2016\/09\/photovoltaique3.jpg","thumbnail_width":1000,"thumbnail_height":485,"description":"A l\u2019occasion des Assises de la Transition Energ\u00e9tique, l\u2019ADEME a publi\u00e9 une mise \u00e0 jour de son \u00e9tude 2017 sur les \u00ab Co\u00fbt des \u00e9nergies renouvelables en France \u00bb. L\u2019\u00e9olien terrestre et les centrales au sol photovolta\u00efques sont aujourd\u2019hui des moyens de production d\u2019\u00e9lectricit\u00e9 comp\u00e9titifs vis-\u00e0-vis des moyens conventionnels : pour les installations mises en [&hellip;]"}