{"version":"1.0","provider_name":"Batijournal","provider_url":"https:\/\/batijournal.com","author_name":"St\u00e9phane Miget","author_url":"https:\/\/batijournal.com\/index.php\/author\/stephane\/","title":"Les Offices Publics de l\u2019Habitat pr\u00e9parent la relance","type":"rich","width":600,"height":338,"html":"<blockquote class=\"wp-embedded-content\" data-secret=\"hi8p6QnOCv\"><a href=\"https:\/\/batijournal.com\/index.php\/les-offices-publics-de-lhabitat-preparent-la-relance\/104193\/\">Les Offices Publics de l\u2019Habitat pr\u00e9parent la relance<\/a><\/blockquote><iframe sandbox=\"allow-scripts\" security=\"restricted\" src=\"https:\/\/batijournal.com\/index.php\/les-offices-publics-de-lhabitat-preparent-la-relance\/104193\/embed\/#?secret=hi8p6QnOCv\" width=\"600\" height=\"338\" title=\"\u00ab\u00a0Les Offices Publics de l\u2019Habitat pr\u00e9parent la relance\u00a0\u00bb &#8212; Batijournal\" data-secret=\"hi8p6QnOCv\" frameborder=\"0\" marginwidth=\"0\" marginheight=\"0\" scrolling=\"no\" class=\"wp-embedded-content\"><\/iframe><script type=\"text\/javascript\">\n\/* <![CDATA[ *\/\n\/*! This file is auto-generated *\/\n!function(d,l){\"use strict\";l.querySelector&&d.addEventListener&&\"undefined\"!=typeof URL&&(d.wp=d.wp||{},d.wp.receiveEmbedMessage||(d.wp.receiveEmbedMessage=function(e){var t=e.data;if((t||t.secret||t.message||t.value)&&!\/[^a-zA-Z0-9]\/.test(t.secret)){for(var s,r,n,a=l.querySelectorAll('iframe[data-secret=\"'+t.secret+'\"]'),o=l.querySelectorAll('blockquote[data-secret=\"'+t.secret+'\"]'),c=new RegExp(\"^https?:$\",\"i\"),i=0;i<o.length;i++)o[i].style.display=\"none\";for(i=0;i<a.length;i++)s=a[i],e.source===s.contentWindow&&(s.removeAttribute(\"style\"),\"height\"===t.message?(1e3<(r=parseInt(t.value,10))?r=1e3:~~r<200&&(r=200),s.height=r):\"link\"===t.message&&(r=new URL(s.getAttribute(\"src\")),n=new URL(t.value),c.test(n.protocol))&&n.host===r.host&&l.activeElement===s&&(d.top.location.href=t.value))}},d.addEventListener(\"message\",d.wp.receiveEmbedMessage,!1),l.addEventListener(\"DOMContentLoaded\",function(){for(var e,t,s=l.querySelectorAll(\"iframe.wp-embedded-content\"),r=0;r<s.length;r++)(t=(e=s[r]).getAttribute(\"data-secret\"))||(t=Math.random().toString(36).substring(2,12),e.src+=\"#?secret=\"+t,e.setAttribute(\"data-secret\",t)),e.contentWindow.postMessage({message:\"ready\",secret:t},\"*\")},!1)))}(window,document);\n\/\/# sourceURL=https:\/\/batijournal.com\/wp-includes\/js\/wp-embed.min.js\n\/* ]]> *\/\n<\/script>\n","thumbnail_url":"https:\/\/batijournal.com\/wp-content\/uploads\/2015\/06\/mouvement-hlm.jpg","thumbnail_width":1000,"thumbnail_height":593,"description":"Pour la F\u00e9d\u00e9ration nationale des Offices Publics de l\u2019Habitat , la crise sanitaire actuelle est in\u00e9dite et met davantage en avant les in\u00e9galit\u00e9s sociales. Elle rend visible et palpable, dans l\u2019espace public et dans l\u2019opinion, les difficult\u00e9s quotidiennes que rencontrent plusieurs millions de concitoyens, la fragilit\u00e9 des services publics mais aussi la mobilisation massive de [&hellip;]"}