{"version":"1.0","provider_name":"Batijournal","provider_url":"https:\/\/batijournal.com","author_name":"Bati-journal","author_url":"https:\/\/batijournal.com\/index.php\/author\/elodie\/","title":"Les Travaux publics s'engagent face au d\u00e9fi \u00e9cologique","type":"rich","width":600,"height":338,"html":"<blockquote class=\"wp-embedded-content\" data-secret=\"fPSCquJeOe\"><a href=\"https:\/\/batijournal.com\/index.php\/les-travaux-publics-sengagent-face-au-defi-ecologique\/73885\/\">Les Travaux publics s&rsquo;engagent face au d\u00e9fi \u00e9cologique<\/a><\/blockquote><iframe sandbox=\"allow-scripts\" security=\"restricted\" src=\"https:\/\/batijournal.com\/index.php\/les-travaux-publics-sengagent-face-au-defi-ecologique\/73885\/embed\/#?secret=fPSCquJeOe\" width=\"600\" height=\"338\" title=\"\u00ab\u00a0Les Travaux publics s&rsquo;engagent face au d\u00e9fi \u00e9cologique\u00a0\u00bb &#8212; Batijournal\" data-secret=\"fPSCquJeOe\" frameborder=\"0\" marginwidth=\"0\" marginheight=\"0\" scrolling=\"no\" class=\"wp-embedded-content\"><\/iframe><script type=\"text\/javascript\">\n\/* <![CDATA[ *\/\n\/*! This file is auto-generated *\/\n!function(d,l){\"use strict\";l.querySelector&&d.addEventListener&&\"undefined\"!=typeof URL&&(d.wp=d.wp||{},d.wp.receiveEmbedMessage||(d.wp.receiveEmbedMessage=function(e){var t=e.data;if((t||t.secret||t.message||t.value)&&!\/[^a-zA-Z0-9]\/.test(t.secret)){for(var s,r,n,a=l.querySelectorAll('iframe[data-secret=\"'+t.secret+'\"]'),o=l.querySelectorAll('blockquote[data-secret=\"'+t.secret+'\"]'),c=new RegExp(\"^https?:$\",\"i\"),i=0;i<o.length;i++)o[i].style.display=\"none\";for(i=0;i<a.length;i++)s=a[i],e.source===s.contentWindow&&(s.removeAttribute(\"style\"),\"height\"===t.message?(1e3<(r=parseInt(t.value,10))?r=1e3:~~r<200&&(r=200),s.height=r):\"link\"===t.message&&(r=new URL(s.getAttribute(\"src\")),n=new URL(t.value),c.test(n.protocol))&&n.host===r.host&&l.activeElement===s&&(d.top.location.href=t.value))}},d.addEventListener(\"message\",d.wp.receiveEmbedMessage,!1),l.addEventListener(\"DOMContentLoaded\",function(){for(var e,t,s=l.querySelectorAll(\"iframe.wp-embedded-content\"),r=0;r<s.length;r++)(t=(e=s[r]).getAttribute(\"data-secret\"))||(t=Math.random().toString(36).substring(2,12),e.src+=\"#?secret=\"+t,e.setAttribute(\"data-secret\",t)),e.contentWindow.postMessage({message:\"ready\",secret:t},\"*\")},!1)))}(window,document);\n\/\/# sourceURL=https:\/\/batijournal.com\/wp-includes\/js\/wp-embed.min.js\n\/* ]]> *\/\n<\/script>\n","thumbnail_url":"https:\/\/batijournal.com\/wp-content\/uploads\/2015\/03\/27687786.jpg","thumbnail_width":599,"thumbnail_height":550,"description":"Nathalie Kosciusko-Morizet, ministre de l\u2019\u00c9cologie, du D\u00e9veloppement durable, des Transports et du Logement, et Patrick Bernasconi, pr\u00e9sident de la F\u00e9d\u00e9ration nationale des travaux publics, ont sign\u00e9, le 15 juin dernier, une Convention d\u2019engagement volontaire qui marque l\u2019implication des entreprises et de leurs collaborateurs dans l\u2019\u00e9volution des m\u00e9tiers face au \u00abd\u00e9fi \u00e9cologique\u00bb. La FNTP consid\u00e8re en [&hellip;]"}