{"version":"1.0","provider_name":"Batijournal","provider_url":"https:\/\/batijournal.com","author_name":"St\u00e9phane Miget","author_url":"https:\/\/batijournal.com\/index.php\/author\/stephane\/","title":"L'escalier monumental d\u2019Auch retrouve sa superbe","type":"rich","width":600,"height":338,"html":"<blockquote class=\"wp-embedded-content\" data-secret=\"PipKal9RH2\"><a href=\"https:\/\/batijournal.com\/index.php\/lescalier-monumental-dauch-retrouve-superbe\/96905\/\">L&rsquo;escalier monumental d\u2019Auch retrouve sa superbe<\/a><\/blockquote><iframe sandbox=\"allow-scripts\" security=\"restricted\" src=\"https:\/\/batijournal.com\/index.php\/lescalier-monumental-dauch-retrouve-superbe\/96905\/embed\/#?secret=PipKal9RH2\" width=\"600\" height=\"338\" title=\"\u00ab\u00a0L&rsquo;escalier monumental d\u2019Auch retrouve sa superbe\u00a0\u00bb &#8212; Batijournal\" data-secret=\"PipKal9RH2\" frameborder=\"0\" marginwidth=\"0\" marginheight=\"0\" scrolling=\"no\" class=\"wp-embedded-content\"><\/iframe><script type=\"text\/javascript\">\n\/* <![CDATA[ *\/\n\/*! This file is auto-generated *\/\n!function(d,l){\"use strict\";l.querySelector&&d.addEventListener&&\"undefined\"!=typeof URL&&(d.wp=d.wp||{},d.wp.receiveEmbedMessage||(d.wp.receiveEmbedMessage=function(e){var t=e.data;if((t||t.secret||t.message||t.value)&&!\/[^a-zA-Z0-9]\/.test(t.secret)){for(var s,r,n,a=l.querySelectorAll('iframe[data-secret=\"'+t.secret+'\"]'),o=l.querySelectorAll('blockquote[data-secret=\"'+t.secret+'\"]'),c=new RegExp(\"^https?:$\",\"i\"),i=0;i<o.length;i++)o[i].style.display=\"none\";for(i=0;i<a.length;i++)s=a[i],e.source===s.contentWindow&&(s.removeAttribute(\"style\"),\"height\"===t.message?(1e3<(r=parseInt(t.value,10))?r=1e3:~~r<200&&(r=200),s.height=r):\"link\"===t.message&&(r=new URL(s.getAttribute(\"src\")),n=new URL(t.value),c.test(n.protocol))&&n.host===r.host&&l.activeElement===s&&(d.top.location.href=t.value))}},d.addEventListener(\"message\",d.wp.receiveEmbedMessage,!1),l.addEventListener(\"DOMContentLoaded\",function(){for(var e,t,s=l.querySelectorAll(\"iframe.wp-embedded-content\"),r=0;r<s.length;r++)(t=(e=s[r]).getAttribute(\"data-secret\"))||(t=Math.random().toString(36).substring(2,12),e.src+=\"#?secret=\"+t,e.setAttribute(\"data-secret\",t)),e.contentWindow.postMessage({message:\"ready\",secret:t},\"*\")},!1)))}(window,document);\n\/\/# sourceURL=https:\/\/batijournal.com\/wp-includes\/js\/wp-embed.min.js\n\/* ]]> *\/\n<\/script>\n","thumbnail_url":"https:\/\/batijournal.com\/wp-content\/uploads\/2017\/09\/escalier-monumental-auch.png","thumbnail_width":875,"thumbnail_height":781,"description":"L&rsquo;escalier monumental d\u2019Auch, inspir\u00e9 de la Renaissance italienne, est l\u2019un des \u00e9l\u00e9ments majeurs du patrimoine de la Ville. Il se d\u00e9ploie sur 35 m\u00e8tres de d\u00e9nivellation, en une double vol\u00e9e de marches, ponctu\u00e9es de terrasses et de jardins. En son milieu s\u2019\u00e9l\u00e8ve la statue du plus c\u00e9l\u00e8bre des Gascons : le mousquetaire d\u2019Artagnan. Inaugur\u00e9 en [&hellip;]"}