{"version":"1.0","provider_name":"Batijournal","provider_url":"https:\/\/batijournal.com","author_name":"Bati-journal","author_url":"https:\/\/batijournal.com\/index.php\/author\/elodie\/","title":"L'ITE, un march\u00e9 porteur pour la fibre bois","type":"rich","width":600,"height":338,"html":"<blockquote class=\"wp-embedded-content\" data-secret=\"PveI17qY52\"><a href=\"https:\/\/batijournal.com\/index.php\/lite-un-marche-porteur-pour-la-fibre-bois\/67463\/\">L&rsquo;ITE, un march\u00e9 porteur pour la fibre bois<\/a><\/blockquote><iframe sandbox=\"allow-scripts\" security=\"restricted\" src=\"https:\/\/batijournal.com\/index.php\/lite-un-marche-porteur-pour-la-fibre-bois\/67463\/embed\/#?secret=PveI17qY52\" width=\"600\" height=\"338\" title=\"\u00ab\u00a0L&rsquo;ITE, un march\u00e9 porteur pour la fibre bois\u00a0\u00bb &#8212; Batijournal\" data-secret=\"PveI17qY52\" frameborder=\"0\" marginwidth=\"0\" marginheight=\"0\" scrolling=\"no\" class=\"wp-embedded-content\"><\/iframe><script type=\"text\/javascript\">\n\/* <![CDATA[ *\/\n\/*! This file is auto-generated *\/\n!function(d,l){\"use strict\";l.querySelector&&d.addEventListener&&\"undefined\"!=typeof URL&&(d.wp=d.wp||{},d.wp.receiveEmbedMessage||(d.wp.receiveEmbedMessage=function(e){var t=e.data;if((t||t.secret||t.message||t.value)&&!\/[^a-zA-Z0-9]\/.test(t.secret)){for(var s,r,n,a=l.querySelectorAll('iframe[data-secret=\"'+t.secret+'\"]'),o=l.querySelectorAll('blockquote[data-secret=\"'+t.secret+'\"]'),c=new RegExp(\"^https?:$\",\"i\"),i=0;i<o.length;i++)o[i].style.display=\"none\";for(i=0;i<a.length;i++)s=a[i],e.source===s.contentWindow&&(s.removeAttribute(\"style\"),\"height\"===t.message?(1e3<(r=parseInt(t.value,10))?r=1e3:~~r<200&&(r=200),s.height=r):\"link\"===t.message&&(r=new URL(s.getAttribute(\"src\")),n=new URL(t.value),c.test(n.protocol))&&n.host===r.host&&l.activeElement===s&&(d.top.location.href=t.value))}},d.addEventListener(\"message\",d.wp.receiveEmbedMessage,!1),l.addEventListener(\"DOMContentLoaded\",function(){for(var e,t,s=l.querySelectorAll(\"iframe.wp-embedded-content\"),r=0;r<s.length;r++)(t=(e=s[r]).getAttribute(\"data-secret\"))||(t=Math.random().toString(36).substring(2,12),e.src+=\"#?secret=\"+t,e.setAttribute(\"data-secret\",t)),e.contentWindow.postMessage({message:\"ready\",secret:t},\"*\")},!1)))}(window,document);\n\/\/# sourceURL=https:\/\/batijournal.com\/wp-includes\/js\/wp-embed.min.js\n\/* ]]> *\/\n<\/script>\n","thumbnail_url":"https:\/\/batijournal.com\/wp-content\/uploads\/2015\/02\/43517296.jpg","thumbnail_width":600,"thumbnail_height":400,"description":"&nbsp; Largement r\u00e9pandue outre-Rhin, l\u2019isolation thermique par l\u2019ext\u00e9rieur\u00a0(ITE) se d\u00e9veloppe depuis quelques ann\u00e9es en France. Elle repr\u00e9sente d\u00e9sormais pr\u00e8s de 7\u2009% du march\u00e9 de l\u2019isolation. Ses avantages sur le plan \u00e9nerg\u00e9tique sont incontestables puisqu\u2019elle permet de r\u00e9duire efficacement les ponts thermiques tout en pr\u00e9servant le volume habitable. Les fabricants d\u2019isolants en fibres de bois s\u2019int\u00e9ressent [&hellip;]"}