{"version":"1.0","provider_name":"Batijournal","provider_url":"https:\/\/batijournal.com","author_name":"Lucien B","author_url":"https:\/\/batijournal.com\/index.php\/author\/victor\/","title":"MaPrimeR\u00e9nov\u2019 : r\u00e9ouverture d\u2019un parcours accompagn\u00e9 resserr\u00e9","type":"rich","width":600,"height":338,"html":"<blockquote class=\"wp-embedded-content\" data-secret=\"fnUvgTBqel\"><a href=\"https:\/\/batijournal.com\/index.php\/maprimerenov-reouverture-dun-parcours-accompagne-resserre\/112178\/\">MaPrimeR\u00e9nov\u2019 : r\u00e9ouverture d\u2019un parcours accompagn\u00e9 resserr\u00e9<\/a><\/blockquote><iframe sandbox=\"allow-scripts\" security=\"restricted\" src=\"https:\/\/batijournal.com\/index.php\/maprimerenov-reouverture-dun-parcours-accompagne-resserre\/112178\/embed\/#?secret=fnUvgTBqel\" width=\"600\" height=\"338\" title=\"\u00ab\u00a0MaPrimeR\u00e9nov\u2019 : r\u00e9ouverture d\u2019un parcours accompagn\u00e9 resserr\u00e9\u00a0\u00bb &#8212; Batijournal\" data-secret=\"fnUvgTBqel\" frameborder=\"0\" marginwidth=\"0\" marginheight=\"0\" scrolling=\"no\" class=\"wp-embedded-content\"><\/iframe><script type=\"text\/javascript\">\n\/* <![CDATA[ *\/\n\/*! This file is auto-generated *\/\n!function(d,l){\"use strict\";l.querySelector&&d.addEventListener&&\"undefined\"!=typeof URL&&(d.wp=d.wp||{},d.wp.receiveEmbedMessage||(d.wp.receiveEmbedMessage=function(e){var t=e.data;if((t||t.secret||t.message||t.value)&&!\/[^a-zA-Z0-9]\/.test(t.secret)){for(var s,r,n,a=l.querySelectorAll('iframe[data-secret=\"'+t.secret+'\"]'),o=l.querySelectorAll('blockquote[data-secret=\"'+t.secret+'\"]'),c=new RegExp(\"^https?:$\",\"i\"),i=0;i<o.length;i++)o[i].style.display=\"none\";for(i=0;i<a.length;i++)s=a[i],e.source===s.contentWindow&&(s.removeAttribute(\"style\"),\"height\"===t.message?(1e3<(r=parseInt(t.value,10))?r=1e3:~~r<200&&(r=200),s.height=r):\"link\"===t.message&&(r=new URL(s.getAttribute(\"src\")),n=new URL(t.value),c.test(n.protocol))&&n.host===r.host&&l.activeElement===s&&(d.top.location.href=t.value))}},d.addEventListener(\"message\",d.wp.receiveEmbedMessage,!1),l.addEventListener(\"DOMContentLoaded\",function(){for(var e,t,s=l.querySelectorAll(\"iframe.wp-embedded-content\"),r=0;r<s.length;r++)(t=(e=s[r]).getAttribute(\"data-secret\"))||(t=Math.random().toString(36).substring(2,12),e.src+=\"#?secret=\"+t,e.setAttribute(\"data-secret\",t)),e.contentWindow.postMessage({message:\"ready\",secret:t},\"*\")},!1)))}(window,document);\n\/\/# sourceURL=https:\/\/batijournal.com\/wp-includes\/js\/wp-embed.min.js\n\/* ]]> *\/\n<\/script>\n","thumbnail_url":"https:\/\/batijournal.com\/wp-content\/uploads\/2025\/06\/chantier-renovation.jpg","thumbnail_width":1000,"thumbnail_height":765,"description":"MaPrimeR\u00e9nov\u2019 rouvre pour les travaux d\u2019ampleur \u00e0 partir de ce mardi 30 septembre. Le nombre de dossiers est toutefois fortement limit\u00e9, et les aides ainsi que les conditions d\u2019acc\u00e8s sont plus restreintes. La priorit\u00e9 est donn\u00e9e aux plus modestes."}