{"version":"1.0","provider_name":"Batijournal","provider_url":"https:\/\/batijournal.com","author_name":"St\u00e9phane Miget","author_url":"https:\/\/batijournal.com\/index.php\/author\/stephane\/","title":"Masques : mise \u00e0 jour des pr\u00e9conisations","type":"rich","width":600,"height":338,"html":"<blockquote class=\"wp-embedded-content\" data-secret=\"z8YWg1hxRP\"><a href=\"https:\/\/batijournal.com\/index.php\/masques-mise-a-jour-des-preconisations\/104123\/\">Masques : mise \u00e0 jour des pr\u00e9conisations<\/a><\/blockquote><iframe sandbox=\"allow-scripts\" security=\"restricted\" src=\"https:\/\/batijournal.com\/index.php\/masques-mise-a-jour-des-preconisations\/104123\/embed\/#?secret=z8YWg1hxRP\" width=\"600\" height=\"338\" title=\"\u00ab\u00a0Masques : mise \u00e0 jour des pr\u00e9conisations\u00a0\u00bb &#8212; Batijournal\" data-secret=\"z8YWg1hxRP\" frameborder=\"0\" marginwidth=\"0\" marginheight=\"0\" scrolling=\"no\" class=\"wp-embedded-content\"><\/iframe><script type=\"text\/javascript\">\n\/* <![CDATA[ *\/\n\/*! This file is auto-generated *\/\n!function(d,l){\"use strict\";l.querySelector&&d.addEventListener&&\"undefined\"!=typeof URL&&(d.wp=d.wp||{},d.wp.receiveEmbedMessage||(d.wp.receiveEmbedMessage=function(e){var t=e.data;if((t||t.secret||t.message||t.value)&&!\/[^a-zA-Z0-9]\/.test(t.secret)){for(var s,r,n,a=l.querySelectorAll('iframe[data-secret=\"'+t.secret+'\"]'),o=l.querySelectorAll('blockquote[data-secret=\"'+t.secret+'\"]'),c=new RegExp(\"^https?:$\",\"i\"),i=0;i<o.length;i++)o[i].style.display=\"none\";for(i=0;i<a.length;i++)s=a[i],e.source===s.contentWindow&&(s.removeAttribute(\"style\"),\"height\"===t.message?(1e3<(r=parseInt(t.value,10))?r=1e3:~~r<200&&(r=200),s.height=r):\"link\"===t.message&&(r=new URL(s.getAttribute(\"src\")),n=new URL(t.value),c.test(n.protocol))&&n.host===r.host&&l.activeElement===s&&(d.top.location.href=t.value))}},d.addEventListener(\"message\",d.wp.receiveEmbedMessage,!1),l.addEventListener(\"DOMContentLoaded\",function(){for(var e,t,s=l.querySelectorAll(\"iframe.wp-embedded-content\"),r=0;r<s.length;r++)(t=(e=s[r]).getAttribute(\"data-secret\"))||(t=Math.random().toString(36).substring(2,12),e.src+=\"#?secret=\"+t,e.setAttribute(\"data-secret\",t)),e.contentWindow.postMessage({message:\"ready\",secret:t},\"*\")},!1)))}(window,document);\n\/\/# sourceURL=https:\/\/batijournal.com\/wp-includes\/js\/wp-embed.min.js\n\/* ]]> *\/\n<\/script>\n","thumbnail_url":"https:\/\/batijournal.com\/wp-content\/uploads\/2020\/04\/masques-corona-virus.jpg","thumbnail_width":800,"thumbnail_height":375,"description":"Le Minist\u00e8re du Travail a inform\u00e9 l\u2019OPPBTP de l\u2019avis de l\u2019Agence nationale de s\u00e9curit\u00e9 du m\u00e9dicament (ANSM) sur les conditions d&rsquo;utilisation des masques alternatifs. \u00ab Comme rappel\u00e9 dans l\u2019avis du 24 mars 2020, deux cat\u00e9gories de masques tissus ont \u00e9t\u00e9 cr\u00e9\u00e9es, dont la performance est mesur\u00e9e sur la capacit\u00e9 de filtration pour des particules de [&hellip;]"}