{"version":"1.0","provider_name":"Batijournal","provider_url":"https:\/\/batijournal.com","author_name":"St\u00e9phane Miget","author_url":"https:\/\/batijournal.com\/index.php\/author\/stephane\/","title":"Quand les mat\u00e9riaux sont recycl\u00e9s en sols cultivables","type":"rich","width":600,"height":338,"html":"<blockquote class=\"wp-embedded-content\" data-secret=\"epSC3Vposo\"><a href=\"https:\/\/batijournal.com\/index.php\/materiaux-recycles-sol-cultivable\/94916\/\">Quand les mat\u00e9riaux sont recycl\u00e9s en sols cultivables<\/a><\/blockquote><iframe sandbox=\"allow-scripts\" security=\"restricted\" src=\"https:\/\/batijournal.com\/index.php\/materiaux-recycles-sol-cultivable\/94916\/embed\/#?secret=epSC3Vposo\" width=\"600\" height=\"338\" title=\"\u00ab\u00a0Quand les mat\u00e9riaux sont recycl\u00e9s en sols cultivables\u00a0\u00bb &#8212; Batijournal\" data-secret=\"epSC3Vposo\" frameborder=\"0\" marginwidth=\"0\" marginheight=\"0\" scrolling=\"no\" class=\"wp-embedded-content\"><\/iframe><script type=\"text\/javascript\">\n\/* <![CDATA[ *\/\n\/*! This file is auto-generated *\/\n!function(d,l){\"use strict\";l.querySelector&&d.addEventListener&&\"undefined\"!=typeof URL&&(d.wp=d.wp||{},d.wp.receiveEmbedMessage||(d.wp.receiveEmbedMessage=function(e){var t=e.data;if((t||t.secret||t.message||t.value)&&!\/[^a-zA-Z0-9]\/.test(t.secret)){for(var s,r,n,a=l.querySelectorAll('iframe[data-secret=\"'+t.secret+'\"]'),o=l.querySelectorAll('blockquote[data-secret=\"'+t.secret+'\"]'),c=new RegExp(\"^https?:$\",\"i\"),i=0;i<o.length;i++)o[i].style.display=\"none\";for(i=0;i<a.length;i++)s=a[i],e.source===s.contentWindow&&(s.removeAttribute(\"style\"),\"height\"===t.message?(1e3<(r=parseInt(t.value,10))?r=1e3:~~r<200&&(r=200),s.height=r):\"link\"===t.message&&(r=new URL(s.getAttribute(\"src\")),n=new URL(t.value),c.test(n.protocol))&&n.host===r.host&&l.activeElement===s&&(d.top.location.href=t.value))}},d.addEventListener(\"message\",d.wp.receiveEmbedMessage,!1),l.addEventListener(\"DOMContentLoaded\",function(){for(var e,t,s=l.querySelectorAll(\"iframe.wp-embedded-content\"),r=0;r<s.length;r++)(t=(e=s[r]).getAttribute(\"data-secret\"))||(t=Math.random().toString(36).substring(2,12),e.src+=\"#?secret=\"+t,e.setAttribute(\"data-secret\",t)),e.contentWindow.postMessage({message:\"ready\",secret:t},\"*\")},!1)))}(window,document);\n\/\/# sourceURL=https:\/\/batijournal.com\/wp-includes\/js\/wp-embed.min.js\n\/* ]]> *\/\n<\/script>\n","thumbnail_url":"https:\/\/batijournal.com\/wp-content\/uploads\/2017\/02\/materiaux-recycles-en-sol.png","thumbnail_width":765,"thumbnail_height":459,"description":"Est-il possible de faire pousser des v\u00e9g\u00e9taux en ville sur des mat\u00e9riaux recycl\u00e9s issus de la ville ? L\u2019\u00e9quipe de recherche du programme SITERRE, compos\u00e9e de 10 partenaires recherche et entreprises, avec le soutien financier de l\u2019ADEME, a permis de r\u00e9pondre \u00e0 cette question en proposant une m\u00e9thode et des techniques novatrices de construction de [&hellip;]"}