{"version":"1.0","provider_name":"Batijournal","provider_url":"https:\/\/batijournal.com","author_name":"St\u00e9phane Miget","author_url":"https:\/\/batijournal.com\/index.php\/author\/stephane\/","title":"M\u00e9tiers verts en t\u00eate dans le b\u00e2timent","type":"rich","width":600,"height":338,"html":"<blockquote class=\"wp-embedded-content\" data-secret=\"9sgrAl5OeJ\"><a href=\"https:\/\/batijournal.com\/index.php\/metiers-verts-en-tete-dans-le-batiment\/107030\/\">M\u00e9tiers verts en t\u00eate dans le b\u00e2timent<\/a><\/blockquote><iframe sandbox=\"allow-scripts\" security=\"restricted\" src=\"https:\/\/batijournal.com\/index.php\/metiers-verts-en-tete-dans-le-batiment\/107030\/embed\/#?secret=9sgrAl5OeJ\" width=\"600\" height=\"338\" title=\"\u00ab\u00a0M\u00e9tiers verts en t\u00eate dans le b\u00e2timent\u00a0\u00bb &#8212; Batijournal\" data-secret=\"9sgrAl5OeJ\" frameborder=\"0\" marginwidth=\"0\" marginheight=\"0\" scrolling=\"no\" class=\"wp-embedded-content\"><\/iframe><script type=\"text\/javascript\">\n\/* <![CDATA[ *\/\n\/*! This file is auto-generated *\/\n!function(d,l){\"use strict\";l.querySelector&&d.addEventListener&&\"undefined\"!=typeof URL&&(d.wp=d.wp||{},d.wp.receiveEmbedMessage||(d.wp.receiveEmbedMessage=function(e){var t=e.data;if((t||t.secret||t.message||t.value)&&!\/[^a-zA-Z0-9]\/.test(t.secret)){for(var s,r,n,a=l.querySelectorAll('iframe[data-secret=\"'+t.secret+'\"]'),o=l.querySelectorAll('blockquote[data-secret=\"'+t.secret+'\"]'),c=new RegExp(\"^https?:$\",\"i\"),i=0;i<o.length;i++)o[i].style.display=\"none\";for(i=0;i<a.length;i++)s=a[i],e.source===s.contentWindow&&(s.removeAttribute(\"style\"),\"height\"===t.message?(1e3<(r=parseInt(t.value,10))?r=1e3:~~r<200&&(r=200),s.height=r):\"link\"===t.message&&(r=new URL(s.getAttribute(\"src\")),n=new URL(t.value),c.test(n.protocol))&&n.host===r.host&&l.activeElement===s&&(d.top.location.href=t.value))}},d.addEventListener(\"message\",d.wp.receiveEmbedMessage,!1),l.addEventListener(\"DOMContentLoaded\",function(){for(var e,t,s=l.querySelectorAll(\"iframe.wp-embedded-content\"),r=0;r<s.length;r++)(t=(e=s[r]).getAttribute(\"data-secret\"))||(t=Math.random().toString(36).substring(2,12),e.src+=\"#?secret=\"+t,e.setAttribute(\"data-secret\",t)),e.contentWindow.postMessage({message:\"ready\",secret:t},\"*\")},!1)))}(window,document);\n\/\/# sourceURL=https:\/\/batijournal.com\/wp-includes\/js\/wp-embed.min.js\n\/* ]]> *\/\n<\/script>\n","thumbnail_url":"https:\/\/batijournal.com\/wp-content\/uploads\/2022\/02\/marche_travail_eco_verte_2020_graphique_4_0.png","thumbnail_width":970,"thumbnail_height":464,"description":"Selon une analyse due service des \u00e9tudes statistiques du minist\u00e8re de la Transition \u00e9cologique, en 2020, les employeurs ont d\u00e9pos\u00e9 aupr\u00e8s de P\u00f4le emploi 20 600 offres d\u2019emploi concernant les m\u00e9tiers verts (\u00e0 finalit\u00e9 environnementale) et 381 700 concernant les m\u00e9tiers verdissants (dont les comp\u00e9tences \u00e9voluent pour int\u00e9grer les enjeux environnementaux). Au total, ces 402 [&hellip;]"}