{"version":"1.0","provider_name":"Batijournal","provider_url":"https:\/\/batijournal.com","author_name":"Bati-journal","author_url":"https:\/\/batijournal.com\/index.php\/author\/elodie\/","title":"Mission for\u00eat et fili\u00e8re bois","type":"rich","width":600,"height":338,"html":"<blockquote class=\"wp-embedded-content\" data-secret=\"usW1GkhCmb\"><a href=\"https:\/\/batijournal.com\/index.php\/mission-foret-et-filiere-bois\/74614\/\">Mission for\u00eat et fili\u00e8re bois<\/a><\/blockquote><iframe sandbox=\"allow-scripts\" security=\"restricted\" src=\"https:\/\/batijournal.com\/index.php\/mission-foret-et-filiere-bois\/74614\/embed\/#?secret=usW1GkhCmb\" width=\"600\" height=\"338\" title=\"\u00ab\u00a0Mission for\u00eat et fili\u00e8re bois\u00a0\u00bb &#8212; Batijournal\" data-secret=\"usW1GkhCmb\" frameborder=\"0\" marginwidth=\"0\" marginheight=\"0\" scrolling=\"no\" class=\"wp-embedded-content\"><\/iframe><script type=\"text\/javascript\">\n\/* <![CDATA[ *\/\n\/*! This file is auto-generated *\/\n!function(d,l){\"use strict\";l.querySelector&&d.addEventListener&&\"undefined\"!=typeof URL&&(d.wp=d.wp||{},d.wp.receiveEmbedMessage||(d.wp.receiveEmbedMessage=function(e){var t=e.data;if((t||t.secret||t.message||t.value)&&!\/[^a-zA-Z0-9]\/.test(t.secret)){for(var s,r,n,a=l.querySelectorAll('iframe[data-secret=\"'+t.secret+'\"]'),o=l.querySelectorAll('blockquote[data-secret=\"'+t.secret+'\"]'),c=new RegExp(\"^https?:$\",\"i\"),i=0;i<o.length;i++)o[i].style.display=\"none\";for(i=0;i<a.length;i++)s=a[i],e.source===s.contentWindow&&(s.removeAttribute(\"style\"),\"height\"===t.message?(1e3<(r=parseInt(t.value,10))?r=1e3:~~r<200&&(r=200),s.height=r):\"link\"===t.message&&(r=new URL(s.getAttribute(\"src\")),n=new URL(t.value),c.test(n.protocol))&&n.host===r.host&&l.activeElement===s&&(d.top.location.href=t.value))}},d.addEventListener(\"message\",d.wp.receiveEmbedMessage,!1),l.addEventListener(\"DOMContentLoaded\",function(){for(var e,t,s=l.querySelectorAll(\"iframe.wp-embedded-content\"),r=0;r<s.length;r++)(t=(e=s[r]).getAttribute(\"data-secret\"))||(t=Math.random().toString(36).substring(2,12),e.src+=\"#?secret=\"+t,e.setAttribute(\"data-secret\",t)),e.contentWindow.postMessage({message:\"ready\",secret:t},\"*\")},!1)))}(window,document);\n\/\/# sourceURL=https:\/\/batijournal.com\/wp-includes\/js\/wp-embed.min.js\n\/* ]]> *\/\n<\/script>\n","thumbnail_url":"https:\/\/batijournal.com\/wp-content\/uploads\/2015\/03\/56087400.jpg","thumbnail_width":600,"thumbnail_height":400,"description":"Jean-Yves Caullet, d\u00e9put\u00e9 de l&rsquo;Yonne, vient d&rsquo;\u00eatre d\u00e9sign\u00e9 charg\u00e9 de mission sur la for\u00eat fran\u00e7aise et la fili\u00e8re bois par le Premier Ministre. La r\u00e9flexion portera sur la prise en compte des objectifs de s\u00e9questration du carbone et d&rsquo;adaptation au changement climatique des for\u00eats, la mise en place d&rsquo;un cadre r\u00e9glementaire, institutionnel et \u00e9conomique facilitant [&hellip;]"}