{"version":"1.0","provider_name":"Batijournal","provider_url":"https:\/\/batijournal.com","author_name":"St\u00e9phane Miget","author_url":"https:\/\/batijournal.com\/index.php\/author\/stephane\/","title":"Mus\u00e9es et monuments nationaux : ouvertures progressives","type":"rich","width":600,"height":338,"html":"<blockquote class=\"wp-embedded-content\" data-secret=\"lziACSTSj0\"><a href=\"https:\/\/batijournal.com\/index.php\/musees-et-monuments-nationaux-ouvertures-progressives\/104290\/\">Mus\u00e9es et monuments nationaux : ouvertures progressives<\/a><\/blockquote><iframe sandbox=\"allow-scripts\" security=\"restricted\" src=\"https:\/\/batijournal.com\/index.php\/musees-et-monuments-nationaux-ouvertures-progressives\/104290\/embed\/#?secret=lziACSTSj0\" width=\"600\" height=\"338\" title=\"\u00ab\u00a0Mus\u00e9es et monuments nationaux : ouvertures progressives\u00a0\u00bb &#8212; Batijournal\" data-secret=\"lziACSTSj0\" frameborder=\"0\" marginwidth=\"0\" marginheight=\"0\" scrolling=\"no\" class=\"wp-embedded-content\"><\/iframe><script type=\"text\/javascript\">\n\/* <![CDATA[ *\/\n\/*! This file is auto-generated *\/\n!function(d,l){\"use strict\";l.querySelector&&d.addEventListener&&\"undefined\"!=typeof URL&&(d.wp=d.wp||{},d.wp.receiveEmbedMessage||(d.wp.receiveEmbedMessage=function(e){var t=e.data;if((t||t.secret||t.message||t.value)&&!\/[^a-zA-Z0-9]\/.test(t.secret)){for(var s,r,n,a=l.querySelectorAll('iframe[data-secret=\"'+t.secret+'\"]'),o=l.querySelectorAll('blockquote[data-secret=\"'+t.secret+'\"]'),c=new RegExp(\"^https?:$\",\"i\"),i=0;i<o.length;i++)o[i].style.display=\"none\";for(i=0;i<a.length;i++)s=a[i],e.source===s.contentWindow&&(s.removeAttribute(\"style\"),\"height\"===t.message?(1e3<(r=parseInt(t.value,10))?r=1e3:~~r<200&&(r=200),s.height=r):\"link\"===t.message&&(r=new URL(s.getAttribute(\"src\")),n=new URL(t.value),c.test(n.protocol))&&n.host===r.host&&l.activeElement===s&&(d.top.location.href=t.value))}},d.addEventListener(\"message\",d.wp.receiveEmbedMessage,!1),l.addEventListener(\"DOMContentLoaded\",function(){for(var e,t,s=l.querySelectorAll(\"iframe.wp-embedded-content\"),r=0;r<s.length;r++)(t=(e=s[r]).getAttribute(\"data-secret\"))||(t=Math.random().toString(36).substring(2,12),e.src+=\"#?secret=\"+t,e.setAttribute(\"data-secret\",t)),e.contentWindow.postMessage({message:\"ready\",secret:t},\"*\")},!1)))}(window,document);\n\/\/# sourceURL=https:\/\/batijournal.com\/wp-includes\/js\/wp-embed.min.js\n\/* ]]> *\/\n<\/script>\n","thumbnail_url":"https:\/\/batijournal.com\/wp-content\/uploads\/2017\/11\/ChateauChambord.jpg","thumbnail_width":988,"thumbnail_height":715,"description":"L\u2019ouverture des mus\u00e9es, monuments et lieux d\u2019expositions est possible \u00e0 partir du 2 juin 2020. Les mus\u00e9es et monuments nationaux travaillent depuis des semaines \u00e0 leur r\u00e9ouverture. Sauf exceptions, li\u00e9es notamment \u00e0 des travaux en cours, tous ces \u00e9tablissements accueilleront \u00e0 nouveau des visiteurs cet \u00e9t\u00e9, quelles que soient leur taille ou leur localisation. Les [&hellip;]"}